{"id":67352,"date":"2015-04-09T01:05:53","date_gmt":"2015-04-08T23:05:53","guid":{"rendered":"http:\/\/www.viaggiointurchia.com\/it\/?page_id=67352"},"modified":"2024-02-01T14:42:04","modified_gmt":"2024-02-01T13:42:04","slug":"trekking-kackar","status":"publish","type":"page","link":"https:\/\/www.viaggiointurchia.com\/it\/trekking-kackar\/","title":{"rendered":"TREKKING KACKAR"},"content":{"rendered":"<div class=\"wpb-content-wrapper\"><p>[vc_row type=&#8221;full_page_width&#8221; padding_top=&#8221;&#8221; padding_bottom=&#8221;&#8221; margin_bottom=&#8221;3em&#8221; bg_type=&#8221;theme_default&#8221; bg_grad=&#8221;background: -webkit-gradient(linear, left top, left bottom, color-stop(0%, #FBFBFB), color-stop(50%, #E3E3E3), color-stop(100%, #C2C2C2));background: -moz-linear-gradient(top,#FBFBFB 0%,#E3E3E3 50%,#C2C2C2 100%);background: -webkit-linear-gradient(top,#FBFBFB 0%,#E3E3E3 50%,#C2C2C2 100%);background: -o-linear-gradient(top,#FBFBFB 0%,#E3E3E3 50%,#C2C2C2 100%);background: -ms-linear-gradient(top,#FBFBFB 0%,#E3E3E3 50%,#C2C2C2 100%);background: linear-gradient(top,#FBFBFB 0%,#E3E3E3 50%,#C2C2C2 100%);&#8221; parallax_style=&#8221;vcpb-default&#8221; bg_image_repeat=&#8221;no-repeat&#8221; bg_image_size=&#8221;cover&#8221; bg_img_attach=&#8221;fixed&#8221; parallax_sense=&#8221;30&#8243; bg_override=&#8221;0&#8243;][vc_column]  \n    <div class=\"cg-strip cg-strip-wrap fade-in animate\" style=\"background-color:#000000!important; height:320px; \">\n      <div class=\"cg-strip-bg cg_parallax\" style=\"background-image:url(https:\/\/www.viaggiointurchia.com\/it\/wp-content\/uploads\/2015\/04\/KACKAR.jpg); \" data-center=\"background-position: 50% 50%;\" data-top-bottom=\"background-position: 50% 0%\" data-bottom-top=\"background-position: 50% 95%\"><\/div>\n        <div class=\"row\">\n          <div style=\"width:50%\"  class=\"cg-pos  valign-center halign-center \" >\n            <div class=\"cg-strip-content cg-strip-2061711439 light text-align-center\" data-center-bottom=\"opacity: 1\" data--150-top=\"opacity: 0\" data-anchor-target=\".cg-strip-2061711439\"><\/div>\n          <\/div>\n        <\/div>\n    <\/div>\n  [\/vc_column][\/vc_row][vc_row type=&#8221;container&#8221; padding_top=&#8221;&#8221; padding_bottom=&#8221;&#8221;][vc_column][vc_column_text]<\/p>\n<h2 style=\"text-align: center;\">TREKKING KACKAR<\/h2>\n<p>[\/vc_column_text][vc_column_text]<\/p>\n<p style=\"text-align: center;\">La <strong>catena montuosa del Ka\u00e7kar<\/strong> &#8211; nota pure come <strong>Alpi Pontiche<\/strong> &#8211; si estende per circa 1000 km a est del Monte Anatolia. Estensione del Caucaso; il Ka\u00e7kar \u00e8 tra le aree della Turchia pi\u00f9 ricche in termini di biodiversit\u00e0.<\/p>\n<p style=\"text-align: center;\">La flora e la fauna, i ghiacciai e i laghi, le valli incontaminate e i fiumi accanto alla presenza di diversi gruppi etnici caratterizzano questo trekking nel Kackar\u00a0 come unico nel suo genere, andando oltre ogni aspettativa.<\/p>\n<p>[\/vc_column_text][\/vc_column][\/vc_row][vc_row type=&#8221;container&#8221; padding_top=&#8221;&#8221; padding_bottom=&#8221;&#8221;][vc_column][vc_text_separator title=&#8221;STRUTTURA DEL VIAGGIO&#8221; i_icon_fontawesome=&#8221;fas fa-map-marked-alt&#8221; i_color=&#8221;juicy_pink&#8221; color=&#8221;juicy_pink&#8221; add_icon=&#8221;true&#8221;][\/vc_column][\/vc_row][vc_row type=&#8221;container&#8221; padding_top=&#8221;&#8221; padding_bottom=&#8221;&#8221;][vc_column width=&#8221;1\/2&#8243;][vc_column_text]<\/p>\n<h2 style=\"text-align: center;\">Itinerario<\/h2>\n<p style=\"text-align: justify;\"><strong>Livello di difficolt\u00e0:<\/strong> impegnativo. \u00c8 richiesto un buon livello di forma fisica.<\/p>\n<p>***Salita in vetta opzionale; su un sentiero sassoso con pendii ripidi.<\/p>\n<p><strong> Durata: <\/strong>6-8 ore di cammino<\/p>\n<p><strong>Vertice: <\/strong>9-11 ore di cammino. Max.<\/p>\n<p><strong>Altitudine: <\/strong>3937 metri<\/p>\n<p><strong>Dislivello medio: <\/strong>+\/- 900 metri<\/p>\n<p><strong>GIORNO 1<\/strong> &#8211; Incontriamo la nostra guida turistica e l\u2019autista all&#8217;aeroporto di Trabzon. Raggiungiamo quindi la nostra pensione a \u00c7aml\u0131hem\u015fin (2 ore). A seconda dell&#8217;orario di arrivo, potremmo visitare le principali attrazioni della citt\u00e0 di Trabzon (Chiesa di Hagia Sophia o Monastero di Sumela).<\/p>\n<p>Trascorreremo la notte nel villaggio di &#8220;Xano&#8221;. dove vivono i &#8220;Laz&#8221;, etnie indigene con la loro lingua kartveliana. I &#8220;LAZ&#8221; sono persone amichevoli e accoglienti.<\/p>\n<p><strong>GIORNO 2 Palak\u00e7ur &#8211; Yaylalar (14km \/ +1100 -1300 meters 7-8 hrs)<\/strong><\/p>\n<p>Iniziamo attraversando la catena da nord a sud. Questa passeggiata \u00e8 in una valle remota fuori dai sentieri battuti. Una passeggiata alle pendici del Kackar deliziata dalla strepitosa vista sulle montagne. Cena e pernottamento in pensione.<\/p>\n<p><strong>GIORNO 3 Yaylalar &#8211; Modut (9km \/ +400 &#8211; 700 meters \/ 4-5 hrs)<\/strong><\/p>\n<p>Questo sar\u00e0 uno dei giorni pi\u00f9 panoramici del nostro trekking, con scorci sulle montagne del Ka\u00e7kar, Bulut, Kemerli Ka\u00e7kar e Marsis. Seguiremo una ripida salita e scenderemo gradualmente su un sentiero morbido fino a quando incontreremo il nostro autista. Cena e pernottamento nella stessa pensione.<\/p>\n<p><strong>GIORNO 4 Olgunlar &#8211; Dilberd\u00fcz\u00fc (9km \/ +900 meters \/ 3-4 hrs)<\/strong><\/p>\n<p>Questo \u00e8 un acclimatamento: salita al campo base del monte Ka\u00e7kar. Cena e pernottamento in campeggio.<\/p>\n<p><strong>\u00a0<\/strong><strong>GIORNO 5 Summit Climb &#8211; opzionale (11km \/ +1100 -1100 meters \/ 10-12 hrs)<\/strong><\/p>\n<p>Dopo aver fatto colazione presto, ci dirigiamo verso il monte Ka\u00e7kar; \u00e8 la vetta pi\u00f9 alta della catena montuosa omonima. Il percorso ci porter\u00e0 al lago glaciale pi\u00f9 profondo e pi\u00f9 grande di Ka\u00e7kar. Le foto migliori possono essere scattate al mattino presto. Dopo una breve pausa ci dirigeremo verso le pendici della massa principale del monte Ka\u00e7kar. L&#8217;ultima sezione fino al vertice sar\u00e0 un percorso sassoso. Lo stesso percorso ci riporter\u00e0 al campeggio. In una giornata di sole abbiamo un&#8217;altra opzione per nuotare nel lago pi\u00f9 profondo della zona di Ka\u00e7kar. Cena e pernottamento in campeggio.<\/p>\n<p><strong>GIORNO 6 Dilberd\u00fcz\u00fc\u2013 Dobed\u00fcz\u00fc campi (9km \/ +-500 meters \/ 4-5 hrs)<\/strong><\/p>\n<p>Oggi facciamo una breve passeggiata fino al passo Pisovit a 3500 metri. Quindi scenderemo al campeggio pi\u00f9 tranquillo dei Monti Kackar. Trascorreremo un pomeriggio rilassante.<\/p>\n<p><strong>GIORNO 7 Dobed\u00fcz\u00fc Campo &#8211; Kavrun (11km \/ +900 -1100 meters \/ 7-8 hrs)<\/strong><\/p>\n<p>Dopo aver fatto colazione presto nel nostro campeggio, andremo a piedi nel villaggio di Kavrun. La nostra passeggiata inizier\u00e0 dal nostro campeggio. Il nostro percorso salir\u00e0 fino a &#8220;Lanetleme Pass&#8221;; Confine tra sud e nord a 3100 metri. In una giornata di sole si pu\u00f2 persino nuotare nei laghi glaciali del lato meridionale. Dopo una breve pausa, continueremo a camminare fino al pascolo estivo di Kavrun.<\/p>\n<p><strong>GIORNO 8 Fine del trekking.<\/strong><\/p>\n<p>Trasferimento in aeroporto a Trabzon (2hrs)[\/vc_column_text][\/vc_column][vc_column width=&#8221;1\/2&#8243;][vc_column_text]<\/p>\n<h2 style=\"text-align: center;\">Richiedi la scheda dettagliata del tour<\/h2>\n<p>[\/vc_column_text]\n<div class=\"wpcf7 no-js\" id=\"wpcf7-f7-o1\" lang=\"it-IT\" dir=\"ltr\">\n<div class=\"screen-reader-response\"><p role=\"status\" aria-live=\"polite\" aria-atomic=\"true\"><\/p> <ul><\/ul><\/div>\n<form action=\"\/it\/wp-json\/wp\/v2\/pages\/67352#wpcf7-f7-o1\" method=\"post\" class=\"wpcf7-form init\" aria-label=\"Modulo di contatto\" novalidate=\"novalidate\" data-status=\"init\">\n<div style=\"display: none;\">\n<input type=\"hidden\" name=\"_wpcf7\" value=\"7\" \/>\n<input type=\"hidden\" name=\"_wpcf7_version\" value=\"5.9.8\" \/>\n<input type=\"hidden\" name=\"_wpcf7_locale\" value=\"it_IT\" \/>\n<input type=\"hidden\" name=\"_wpcf7_unit_tag\" value=\"wpcf7-f7-o1\" \/>\n<input type=\"hidden\" name=\"_wpcf7_container_post\" value=\"0\" \/>\n<input type=\"hidden\" name=\"_wpcf7_posted_data_hash\" value=\"\" \/>\n<input type=\"hidden\" name=\"_wpcf7_recaptcha_response\" value=\"\" \/>\n<\/div>\n<p>Nome e Cognome (*)\n<\/p>\n<p><span class=\"wpcf7-form-control-wrap\" data-name=\"your-name\"><input size=\"40\" maxlength=\"400\" class=\"wpcf7-form-control wpcf7-text wpcf7-validates-as-required\" aria-required=\"true\" aria-invalid=\"false\" value=\"\" type=\"text\" name=\"your-name\" \/><\/span>\n<\/p>\n<p>Email (*)\n<\/p>\n<p><span class=\"wpcf7-form-control-wrap\" data-name=\"your-email\"><input size=\"40\" maxlength=\"400\" class=\"wpcf7-form-control wpcf7-email wpcf7-validates-as-required wpcf7-text wpcf7-validates-as-email\" aria-required=\"true\" aria-invalid=\"false\" value=\"\" type=\"email\" name=\"your-email\" \/><\/span>\n<\/p>\n<p>Cellulare\/Whatsapp (*)\n<\/p>\n<p><span class=\"wpcf7-form-control-wrap\" data-name=\"tel-871\"><input size=\"40\" maxlength=\"400\" class=\"wpcf7-form-control wpcf7-tel wpcf7-validates-as-required wpcf7-text wpcf7-validates-as-tel\" aria-required=\"true\" aria-invalid=\"false\" value=\"\" type=\"tel\" name=\"tel-871\" \/><\/span>\n<\/p>\n<p>Seleziona il tour che preferisci (*)\n<\/p>\n<p><span class=\"wpcf7-form-control-wrap\" data-name=\"menu-845\"><select class=\"wpcf7-form-control wpcf7-select wpcf7-validates-as-required\" aria-required=\"true\" aria-invalid=\"false\" multiple=\"multiple\" name=\"menu-845[]\"><option value=\"\">&#8212;Seleziona un&#039;opzione&#8212;<\/option><option value=\"Istanbul 5 giorni\">Istanbul 5 giorni<\/option><option value=\"Turchia Orientale\">Turchia Orientale<\/option><option value=\"Mesopotamia\">Mesopotamia<\/option><option value=\"Turchia classica\">Turchia classica<\/option><option value=\"Istanbul e Cappadocia\">Istanbul e Cappadocia<\/option><option value=\"Il triangolo d&#039;oro\">Il triangolo d&#039;oro<\/option><option value=\"Turchia archeologica\">Turchia archeologica<\/option><option value=\"Costa Licia\">Costa Licia<\/option><option value=\"Turchia classica e soggiorno mare\">Turchia classica e soggiorno mare<\/option><option value=\"Ankara Hattusa Cappadocia\">Ankara Hattusa Cappadocia<\/option><option value=\"Capodanno a Istanbul per AGENZIE\">Capodanno a Istanbul per AGENZIE<\/option><\/select><\/span>\n<\/p>\n<p>Se hai una richiesta scrivila qui\n<\/p>\n<p><span class=\"wpcf7-form-control-wrap\" data-name=\"your-message\"><textarea cols=\"40\" rows=\"10\" maxlength=\"2000\" class=\"wpcf7-form-control wpcf7-textarea\" aria-invalid=\"false\" name=\"your-message\"><\/textarea><\/span>\n<\/p>\n\n<p><input class=\"wpcf7-form-control wpcf7-submit has-spinner\" type=\"submit\" value=\"Invia\" \/>\n<\/p><div class=\"wpcf7-response-output\" aria-hidden=\"true\"><\/div>\n<\/form>\n<\/div>\n[\/vc_column][\/vc_row][vc_row type=&#8221;container&#8221; padding_top=&#8221;&#8221; padding_bottom=&#8221;&#8221;][vc_column][vc_text_separator title=&#8221;Dettagli&#8221; i_icon_fontawesome=&#8221;fas fa-search-location&#8221; i_color=&#8221;juicy_pink&#8221; color=&#8221;juicy_pink&#8221; add_icon=&#8221;true&#8221;][\/vc_column][\/vc_row][vc_row type=&#8221;container&#8221; padding_top=&#8221;&#8221; padding_bottom=&#8221;&#8221;][vc_column][vc_tabs][vc_tab title=&#8221;Prezzi e partenze&#8221; tab_id=&#8221;1395441744-2-82&#8243;][vc_column_text]<strong>PARTENZE<\/strong><\/p>\n<p>Partenze individuali con guida disponibili a richiesta<\/p>\n<p><strong>Stagione: <\/strong>dopo la seconda settimana di luglio &#8211; agosto &#8211; fino alla fine della seconda settimana di settembre<\/p>\n<p>&nbsp;<\/p>\n<p><strong>Include: <\/strong>tutti i pasti, tutti gli alloggi, tutti i trasferimenti, guida turistica autorizzata in lingua inglese come indicato nell&#8217;itinerario del tour e assistente guida in Italiano<\/p>\n<p>&nbsp;<\/p>\n<p><strong>Non include: <\/strong>bevande,\u00a0mance\u00a0per il personale del tour, spese personali, biglietti d&#8217;ingresso per siti storici e musei.[\/vc_column_text][\/vc_tab][vc_tab title=&#8221;HOTEL&#8221; tab_id=&#8221;1705490569810-3-5&#8243;][vc_column_text]<\/p>\n<h2 style=\"text-align: center;\"><strong>HOTEL<\/strong><\/h2>\n<p style=\"text-align: justify;\">Le sistemazioni sono tutte presso hotel di categoria 5 stelle, 4 stelle e boutique a gestione locale e includono la prima colazione. Prediligiamo strutture di charme con valenza storico-culturale e inseriti in contesti cittadini validi per sperimentare le attitudini locali ed in linea con i criteri di turismo responsabile.<\/p>\n<p>&nbsp;<\/p>\n<p><strong>Lista hotel<\/strong><\/p>\n<p>Kayak\u00f6y Misafir evi (max 9 rooms)\u00a0http:\/\/www.kayamisafirevi.com\/<\/p>\n<p>Faralya Montenegro\u00a0https:\/\/www.montenegromotel.com\/<\/p>\n<p>Gey village house\u00a0 stanze molto basic, 4 camere hanno bagno privato e le altre bagni in comune<\/p>\n<p>Ka\u015f Talay Hotel\u00a0http:\/\/www.talayotel.com\/anasayfa<\/p>\n<p>\u00c7\u0131ral\u0131 Emin Pension\u00a0http:\/\/www.eminpansiyon.com\/<\/p>\n<p>Ulup\u0131nar\u00a0https:\/\/www.lyciahotel-ulupinar.com\/en\/<\/p>\n<p>Antalya old town\u00a0http:\/\/pudinghotels.com\/tr<\/p>\n<p>&nbsp;<\/p>\n<p>[\/vc_column_text][\/vc_tab][vc_tab title=&#8221;PASTI&#8221; tab_id=&#8221;1705490604487-4-0&#8243;][vc_column_text]<\/p>\n<h2 style=\"text-align: center;\"><strong>PASTI<\/strong><\/h2>\n<p style=\"text-align: justify;\">Pensione completa pranzi e cene alternando ristoranti e locande ai ristoranti degli hotel.<\/p>\n<p>&nbsp;<\/p>\n<p>[\/vc_column_text][\/vc_tab][vc_tab title=&#8221;ORGANIZZAZIONE LOGISTICA&#8221; tab_id=&#8221;1705490646858-5-0&#8243;][vc_column_text]<\/p>\n<h2 style=\"text-align: center;\"><strong>ORGANIZZAZIONE LOGISTICA<\/strong><\/h2>\n<p style=\"text-align: justify;\">L\u2019itinerario \u00e8 ideato e coordinato da Elena Ventura laureata in Turcologia alla Sapienza di Roma e consulente di viaggio residente in Turchia da 5 anni con il supporto di partner territoriali di alta professionalit\u00e0 ed affidabilit\u00e0, tutti membri esercenti di facile tracciabilit\u00e0 con regolare licenza governativa rilasciata dal TURSAB.<\/p>\n<p style=\"text-align: justify;\">Nelle partenze col turcologo, Elena Ventura affianca i gruppi e le e guide locali durante gli itinerari, fornendo mediazione culturale e linguistica e assistenza diretta 24h.<\/p>\n<p style=\"text-align: justify;\"><strong>Attrezzatura: <\/strong>scarponcini da trekking, zaino da 30-40 litri, crema solare, cappello da sole, attrezzatura per la pioggia di buona qualit\u00e0, bastoni da passeggio, sacchi a pelo e attrezzatura personale a cura dei partecipanti.\u00a0 Le attrezzature e I servizi da campeggio e da cucina saranno a cura della nostra organizzazione<\/p>\n<p><strong>Pasti:<\/strong> colazione e cene saranno presso la pensione, gli hotel e il campeggio.<\/p>\n<p>Pranzi al sacco da preparare e condividere dai partecipanti prima della passeggiata.<\/p>\n<p><strong>Sistemazione:<\/strong> 4 notti in pensione o in hotel e 3 notti in campeggio.<\/p>\n<p style=\"text-align: justify;\"><strong>Bagagli:<\/strong> ogni partecipante dovrebbe avere uno zaino giornaliero per trasportare acqua, oggetti per il pranzo e oggetti personali.\u00a0 \u00a0 \u00a0 \u00a0 \u00a0 \u00a0 \u00a0 \u00a0 \u00a0 \u00a0 \u00a0 \u00a0 \u00a0 \u00a0 \u00a0 I bagagli saranno trasportati alla pensione o agli hotel dal nostro veicolo.\u00a0 \u00a0 Ogni partecipante deve portare una borsa separata per preparare gli attrezzi da campeggio per il campeggio che saranno trasportati dalla nostra azienda (15 litri ciascuno)<\/p>\n<p><strong>Stagione: <\/strong>dopo la seconda settimana di luglio &#8211; agosto &#8211; fino alla fine della seconda settimana di settembre<\/p>\n<p style=\"text-align: justify;\"><strong>Staff del tour: <\/strong>guida in inglese, assistente guida in italiano, autista e facchini.<\/p>\n<p>[\/vc_column_text][\/vc_tab][vc_tab title=&#8221;CLIMA\/FUSO ORARIO&#8221; tab_id=&#8221;1705490695635-6-9&#8243;][vc_column_text]<\/p>\n<h2 style=\"text-align: center;\"><strong>CLIMA\/FUSO ORARIO<\/strong><\/h2>\n<p style=\"text-align: justify;\">Il clima della Turchia \u00e8 caratterizzato da notevoli differenze tra le coste del Mar Nero, le aree interne dell\u2019altopiano di Erzurum e la Mesopotamia. E\u2019 indispensabile prevedere un abbigliamento che spazi tra capi di mezza stagione ed estivi, con la possibilit\u00e0 di potersi allegerire\/appesantire al bisogno (a cipolla). Prevedere un impermeabile per i giorni nella regione del mar nero e scarpe con la suola incisa possibilmente chiuse e leggere per le escursioni.<\/p>\n<p>[\/vc_column_text][\/vc_tab][vc_tab title=&#8221;Altre informazioni&#8221; tab_id=&#8221;1395441897017-2-2&#8243;][vc_column_text]<b>Trasporti<\/b> \u2013 Si utilizzano minibus di diversi modelli a secondo del numero dei\u00a0partecipanti.<\/p>\n<p><b>Organizzazione<\/b> \u2013 Guida locale di lingua inglese, mediatore culturale a partire da un minimo di 6 partecipanti.<\/p>\n<p><b>Clima<\/b> \u2013 Il clima della Turchia \u00e8 caratterizzato da notevoli differenze tra le coste e le aree interne. Gli altopiani presentano un clima puramente continentale, con forti escursioni termiche, estati calde e inverni rigidissimi dove la temperatura scende fino a -20 gradi. La Mesopotamia presenta un clima caldo e secco, l\u2019inverno \u00e8poco rigido con temperature che difficilmente scendono sotto I 10 gradi, l\u2019estate \u00e8 calda-secca con temperature sopra 40\u00b0C e escursioni termiche tra il giorno e la notte.<\/p>\n<p><b>Disposizioni sanitarie<\/b> \u2013 Non \u00e8 richiesta alcuna vaccinazione.<\/p>\n<p><b>Formalit\u00e0 burocratiche<\/b> \u2013 I cittadini italiani che si recano in Turchia per turismo possono entrare con la sola carta d&#8217;identit\u00e0 valida per l&#8217;espatrio, senza timbri di rinnovo e con validit\u00e0 di almeno 6 mesi a partire dall\u2019entrata. Si fa presente che l\u2019organizzazione non si assume alcuna responsabilit\u00e0 nel caso di impossibilit\u00e0 a entrare nel paese di destinazione a causa di documenti non corretti o scaduti.<\/p>\n<p><b>Caratteristiche e grado di difficolt\u00e0<\/b> \u2013 Viaggio di spiccato interesse culturale, archeologico, paesaggistico. Sono previsti lunghi spostamenti ma le escursioni sono di grado medio \u2013 facile. Pasti in ristoranti locali e nei ristoranti degli hotel utilizzati.<\/p>\n<p><b>NOTE: <\/b> Tutti I prezzi sono in Euro, includono l\u2019IVA e non sono soggetti ad adeguamenti L\u2019organizzazione si riserva di modificare I contenuti dei tour a propria discrezione e senza preavviso, qualora si rendesse necessario per ragioni di sicurezza o per condizioni climatiche peculiari. Si avr\u00e0 cura di non alterare troppo il programma e di proporre alternative valide.[\/vc_column_text][\/vc_tab][\/vc_tabs][\/vc_column][\/vc_row][vc_row type=&#8221;container&#8221; padding_top=&#8221;&#8221; padding_bottom=&#8221;&#8221;][vc_column][vc_text_separator title=&#8221;Ricevi la scheda dettagliata o richiedi maggiori informazioni&#8221; i_icon_fontawesome=&#8221;fas fa-info-circle&#8221; i_color=&#8221;juicy_pink&#8221; add_icon=&#8221;true&#8221;][\/vc_column][\/vc_row][vc_row type=&#8221;container&#8221; padding_top=&#8221;&#8221; padding_bottom=&#8221;&#8221;][vc_column]\n<div class=\"wpcf7 no-js\" id=\"wpcf7-f7-o2\" lang=\"it-IT\" dir=\"ltr\">\n<div class=\"screen-reader-response\"><p role=\"status\" aria-live=\"polite\" aria-atomic=\"true\"><\/p> <ul><\/ul><\/div>\n<form action=\"\/it\/wp-json\/wp\/v2\/pages\/67352#wpcf7-f7-o2\" method=\"post\" class=\"wpcf7-form init\" aria-label=\"Modulo di contatto\" novalidate=\"novalidate\" data-status=\"init\">\n<div style=\"display: none;\">\n<input type=\"hidden\" name=\"_wpcf7\" value=\"7\" \/>\n<input type=\"hidden\" name=\"_wpcf7_version\" value=\"5.9.8\" \/>\n<input type=\"hidden\" name=\"_wpcf7_locale\" value=\"it_IT\" \/>\n<input type=\"hidden\" name=\"_wpcf7_unit_tag\" value=\"wpcf7-f7-o2\" \/>\n<input type=\"hidden\" name=\"_wpcf7_container_post\" value=\"0\" \/>\n<input type=\"hidden\" name=\"_wpcf7_posted_data_hash\" value=\"\" \/>\n<input type=\"hidden\" name=\"_wpcf7_recaptcha_response\" value=\"\" \/>\n<\/div>\n<p>Nome e Cognome (*)\n<\/p>\n<p><span class=\"wpcf7-form-control-wrap\" data-name=\"your-name\"><input size=\"40\" maxlength=\"400\" class=\"wpcf7-form-control wpcf7-text wpcf7-validates-as-required\" aria-required=\"true\" aria-invalid=\"false\" value=\"\" type=\"text\" name=\"your-name\" \/><\/span>\n<\/p>\n<p>Email (*)\n<\/p>\n<p><span class=\"wpcf7-form-control-wrap\" data-name=\"your-email\"><input size=\"40\" maxlength=\"400\" class=\"wpcf7-form-control wpcf7-email wpcf7-validates-as-required wpcf7-text wpcf7-validates-as-email\" aria-required=\"true\" aria-invalid=\"false\" value=\"\" type=\"email\" name=\"your-email\" \/><\/span>\n<\/p>\n<p>Cellulare\/Whatsapp (*)\n<\/p>\n<p><span class=\"wpcf7-form-control-wrap\" data-name=\"tel-871\"><input size=\"40\" maxlength=\"400\" class=\"wpcf7-form-control wpcf7-tel wpcf7-validates-as-required wpcf7-text wpcf7-validates-as-tel\" aria-required=\"true\" aria-invalid=\"false\" value=\"\" type=\"tel\" name=\"tel-871\" \/><\/span>\n<\/p>\n<p>Seleziona il tour che preferisci (*)\n<\/p>\n<p><span class=\"wpcf7-form-control-wrap\" data-name=\"menu-845\"><select class=\"wpcf7-form-control wpcf7-select wpcf7-validates-as-required\" aria-required=\"true\" aria-invalid=\"false\" multiple=\"multiple\" name=\"menu-845[]\"><option value=\"\">&#8212;Seleziona un&#039;opzione&#8212;<\/option><option value=\"Istanbul 5 giorni\">Istanbul 5 giorni<\/option><option value=\"Turchia Orientale\">Turchia Orientale<\/option><option value=\"Mesopotamia\">Mesopotamia<\/option><option value=\"Turchia classica\">Turchia classica<\/option><option value=\"Istanbul e Cappadocia\">Istanbul e Cappadocia<\/option><option value=\"Il triangolo d&#039;oro\">Il triangolo d&#039;oro<\/option><option value=\"Turchia archeologica\">Turchia archeologica<\/option><option value=\"Costa Licia\">Costa Licia<\/option><option value=\"Turchia classica e soggiorno mare\">Turchia classica e soggiorno mare<\/option><option value=\"Ankara Hattusa Cappadocia\">Ankara Hattusa Cappadocia<\/option><option value=\"Capodanno a Istanbul per AGENZIE\">Capodanno a Istanbul per AGENZIE<\/option><\/select><\/span>\n<\/p>\n<p>Se hai una richiesta scrivila qui\n<\/p>\n<p><span class=\"wpcf7-form-control-wrap\" data-name=\"your-message\"><textarea cols=\"40\" rows=\"10\" maxlength=\"2000\" class=\"wpcf7-form-control wpcf7-textarea\" aria-invalid=\"false\" name=\"your-message\"><\/textarea><\/span>\n<\/p>\n\n<p><input class=\"wpcf7-form-control wpcf7-submit has-spinner\" type=\"submit\" value=\"Invia\" \/>\n<\/p><div class=\"wpcf7-response-output\" aria-hidden=\"true\"><\/div>\n<\/form>\n<\/div>\n[\/vc_column][\/vc_row][vc_row type=&#8221;container&#8221; padding_top=&#8221;&#8221; padding_bottom=&#8221;&#8221;][vc_column][vc_text_separator title=&#8221;Altri itinerari di trekking in Turchia&#8221; i_icon_fontawesome=&#8221;fas fa-route&#8221; i_color=&#8221;juicy_pink&#8221; color=&#8221;juicy_pink&#8221; add_icon=&#8221;true&#8221;][\/vc_column][\/vc_row][vc_row type=&#8221;container&#8221; padding_top=&#8221;&#8221; padding_bottom=&#8221;&#8221; css=&#8221;.vc_custom_1412696856679{margin-bottom: 20px !important;}&#8221;][vc_column width=&#8221;1\/3&#8243; el_class=&#8221;cap-content-hover&#8221;]<a href=\"https:\/\/www.viaggiointurchia.com\/it\/trekking-via-licia\">  \n    <div class=\"cg-strip cg-strip-wrap fade-in animate\" style=\"background-color:#333333!important; height:240px; \">\n      <div class=\"cg-strip-bg \" style=\"background-image:url(https:\/\/www.viaggiointurchia.com\/it\/wp-content\/uploads\/2015\/04\/LICIACICERONE.jpg); \" ><\/div>\n        <div class=\"row\">\n          <div style=\"width:80%\"  class=\"cg-pos  valign-center halign-center animate\" data-animate=\"fadeInUp\">\n            <div class=\"cg-strip-content cg-strip-166542056 light text-align-center\" >\n<h2>Trekking Via Licia<\/h2>\n<\/div>\n          <\/div>\n        <\/div>\n    <\/div><\/a>\n  [\/vc_column][vc_column width=&#8221;1\/3&#8243; el_class=&#8221;cap-content-hover&#8221;]<a href=\"https:\/\/www.viaggiointurchia.com\/it\/trekking-sul-monte-ararat\/\">  \n    <div class=\"cg-strip cg-strip-wrap fade-in animate\" style=\"background-color:#333333!important; height:240px; \">\n      <div class=\"cg-strip-bg \" style=\"background-image:url(https:\/\/www.viaggiointurchia.com\/it\/wp-content\/uploads\/2015\/02\/ararat.jpg); \" ><\/div>\n        <div class=\"row\">\n          <div style=\"width:80%\"  class=\"cg-pos  valign-center halign-center animate\" data-animate=\"fadeInUp\">\n            <div class=\"cg-strip-content cg-strip-1171324633 light text-align-center\" >\n<h2>Trekking sul Monte Ararat<\/h2>\n<\/div>\n          <\/div>\n        <\/div>\n    <\/div><\/a>\n  [\/vc_column][vc_column width=&#8221;1\/3&#8243; el_class=&#8221;cap-content-hover&#8221;]<a href=\"https:\/\/www.viaggiointurchia.com\/it\/trekking-aladaglar-tauri\">  \n    <div class=\"cg-strip cg-strip-wrap fade-in animate\" style=\"background-color:#333333!important; height:240px; \">\n      <div class=\"cg-strip-bg \" style=\"background-image:url(https:\/\/www.viaggiointurchia.com\/it\/wp-content\/uploads\/2016\/12\/tauri3.jpg); \" ><\/div>\n        <div class=\"row\">\n          <div style=\"width:80%\"  class=\"cg-pos  valign-center halign-center animate\" data-animate=\"fadeInUp\">\n            <div class=\"cg-strip-content cg-strip-122171087 light text-align-center\" >\n<h2>Trekking Monti Tauri Aladaglar e Cappadocia<\/h2>\n<\/div>\n          <\/div>\n        <\/div>\n    <\/div><\/a>\n  [\/vc_column][\/vc_row]<\/p>\n<\/div>","protected":false},"excerpt":{"rendered":"<p>[vc_row type=&#8221;full_page_width&#8221; padding_top=&#8221;&#8221; padding_bottom=&#8221;&#8221; margin_bottom=&#8221;3em&#8221; bg_type=&#8221;theme_default&#8221; bg_grad=&#8221;background: -webkit-gradient(linear, left top, left bottom, color-stop(0%, #FBFBFB), color-stop(50%, #E3E3E3), color-stop(100%, #C2C2C2));background: -moz-linear-gradient(top,#FBFBFB 0%,#E3E3E3 50%,#C2C2C2 100%);background: -webkit-linear-gradient(top,#FBFBFB 0%,#E3E3E3 50%,#C2C2C2 100%);background: -o-linear-gradient(top,#FBFBFB 0%,#E3E3E3 50%,#C2C2C2 100%);background: -ms-linear-gradient(top,#FBFBFB 0%,#E3E3E3 50%,#C2C2C2 100%);background: linear-gradient(top,#FBFBFB 0%,#E3E3E3 50%,#C2C2C2 100%);&#8221; parallax_style=&#8221;vcpb-default&#8221; bg_image_repeat=&#8221;no-repeat&#8221; bg_image_size=&#8221;cover&#8221; bg_img_attach=&#8221;fixed&#8221; parallax_sense=&#8221;30&#8243; bg_override=&#8221;0&#8243;][vc_column][\/vc_column][\/vc_row][vc_row type=&#8221;container&#8221; padding_top=&#8221;&#8221; padding_bottom=&#8221;&#8221;][vc_column][vc_column_text] TREKKING KACKAR [\/vc_column_text][vc_column_text] La catena montuosa del Ka\u00e7kar [&hellip;]<\/p>\n","protected":false},"author":2,"featured_media":68384,"parent":0,"menu_order":0,"comment_status":"closed","ping_status":"open","template":"page-full-width.php","meta":{"_acf_changed":false,"footnotes":""},"acf":[],"yoast_head":"<!-- This site is optimized with the Yoast SEO plugin v23.4 - https:\/\/yoast.com\/wordpress\/plugins\/seo\/ -->\n<title>Trekking Montagne del Kackar<\/title>\n<meta name=\"description\" content=\"Trekking Montagne del Kackar: ghiacciai e laghi, gruppi etnici e biodiversit\u00e0 in Turchia\" \/>\n<meta name=\"robots\" content=\"index, follow, max-snippet:-1, max-image-preview:large, max-video-preview:-1\" \/>\n<link rel=\"canonical\" href=\"https:\/\/www.viaggiointurchia.com\/it\/trekking-kackar\/\" \/>\n<meta property=\"og:locale\" content=\"it_IT\" \/>\n<meta property=\"og:type\" content=\"article\" \/>\n<meta property=\"og:title\" content=\"Trekking Montagne del Kackar\" \/>\n<meta property=\"og:description\" content=\"Trekking Montagne del Kackar: ghiacciai e laghi, gruppi etnici e biodiversit\u00e0 in Turchia\" \/>\n<meta property=\"og:url\" content=\"https:\/\/www.viaggiointurchia.com\/it\/trekking-kackar\/\" \/>\n<meta property=\"og:site_name\" content=\"Viaggio in Turchia\" \/>\n<meta property=\"article:modified_time\" content=\"2024-02-01T13:42:04+00:00\" \/>\n<meta property=\"og:image\" content=\"https:\/\/www.viaggiointurchia.com\/it\/wp-content\/uploads\/2015\/04\/KACKAR.jpg\" \/>\n\t<meta property=\"og:image:width\" content=\"705\" \/>\n\t<meta property=\"og:image:height\" content=\"470\" \/>\n\t<meta property=\"og:image:type\" content=\"image\/jpeg\" \/>\n<meta name=\"twitter:card\" content=\"summary_large_image\" \/>\n<meta name=\"twitter:label1\" content=\"Tempo di lettura stimato\" \/>\n\t<meta name=\"twitter:data1\" content=\"14 minuti\" \/>\n<script type=\"application\/ld+json\" class=\"yoast-schema-graph\">{\"@context\":\"https:\/\/schema.org\",\"@graph\":[{\"@type\":\"WebPage\",\"@id\":\"https:\/\/www.viaggiointurchia.com\/it\/trekking-kackar\/\",\"url\":\"https:\/\/www.viaggiointurchia.com\/it\/trekking-kackar\/\",\"name\":\"Trekking Montagne del Kackar\",\"isPartOf\":{\"@id\":\"https:\/\/www.viaggiointurchia.com\/it\/#website\"},\"primaryImageOfPage\":{\"@id\":\"https:\/\/www.viaggiointurchia.com\/it\/trekking-kackar\/#primaryimage\"},\"image\":{\"@id\":\"https:\/\/www.viaggiointurchia.com\/it\/trekking-kackar\/#primaryimage\"},\"thumbnailUrl\":\"https:\/\/www.viaggiointurchia.com\/it\/wp-content\/uploads\/2015\/04\/KACKAR.jpg\",\"datePublished\":\"2015-04-08T23:05:53+00:00\",\"dateModified\":\"2024-02-01T13:42:04+00:00\",\"description\":\"Trekking Montagne del Kackar: ghiacciai e laghi, gruppi etnici e biodiversit\u00e0 in Turchia\",\"breadcrumb\":{\"@id\":\"https:\/\/www.viaggiointurchia.com\/it\/trekking-kackar\/#breadcrumb\"},\"inLanguage\":\"it-IT\",\"potentialAction\":[{\"@type\":\"ReadAction\",\"target\":[\"https:\/\/www.viaggiointurchia.com\/it\/trekking-kackar\/\"]}]},{\"@type\":\"ImageObject\",\"inLanguage\":\"it-IT\",\"@id\":\"https:\/\/www.viaggiointurchia.com\/it\/trekking-kackar\/#primaryimage\",\"url\":\"https:\/\/www.viaggiointurchia.com\/it\/wp-content\/uploads\/2015\/04\/KACKAR.jpg\",\"contentUrl\":\"https:\/\/www.viaggiointurchia.com\/it\/wp-content\/uploads\/2015\/04\/KACKAR.jpg\",\"width\":705,\"height\":470},{\"@type\":\"BreadcrumbList\",\"@id\":\"https:\/\/www.viaggiointurchia.com\/it\/trekking-kackar\/#breadcrumb\",\"itemListElement\":[{\"@type\":\"ListItem\",\"position\":1,\"name\":\"Home\",\"item\":\"https:\/\/www.viaggiointurchia.com\/it\/\"},{\"@type\":\"ListItem\",\"position\":2,\"name\":\"TREKKING KACKAR\"}]},{\"@type\":\"WebSite\",\"@id\":\"https:\/\/www.viaggiointurchia.com\/it\/#website\",\"url\":\"https:\/\/www.viaggiointurchia.com\/it\/\",\"name\":\"Viaggio in Turchia\",\"description\":\"Viaggio in Turchia\",\"potentialAction\":[{\"@type\":\"SearchAction\",\"target\":{\"@type\":\"EntryPoint\",\"urlTemplate\":\"https:\/\/www.viaggiointurchia.com\/it\/?s={search_term_string}\"},\"query-input\":{\"@type\":\"PropertyValueSpecification\",\"valueRequired\":true,\"valueName\":\"search_term_string\"}}],\"inLanguage\":\"it-IT\"}]}<\/script>\n<!-- \/ Yoast SEO plugin. -->","yoast_head_json":{"title":"Trekking Montagne del Kackar","description":"Trekking Montagne del Kackar: ghiacciai e laghi, gruppi etnici e biodiversit\u00e0 in Turchia","robots":{"index":"index","follow":"follow","max-snippet":"max-snippet:-1","max-image-preview":"max-image-preview:large","max-video-preview":"max-video-preview:-1"},"canonical":"https:\/\/www.viaggiointurchia.com\/it\/trekking-kackar\/","og_locale":"it_IT","og_type":"article","og_title":"Trekking Montagne del Kackar","og_description":"Trekking Montagne del Kackar: ghiacciai e laghi, gruppi etnici e biodiversit\u00e0 in Turchia","og_url":"https:\/\/www.viaggiointurchia.com\/it\/trekking-kackar\/","og_site_name":"Viaggio in Turchia","article_modified_time":"2024-02-01T13:42:04+00:00","og_image":[{"width":705,"height":470,"url":"https:\/\/www.viaggiointurchia.com\/it\/wp-content\/uploads\/2015\/04\/KACKAR.jpg","type":"image\/jpeg"}],"twitter_card":"summary_large_image","twitter_misc":{"Tempo di lettura stimato":"14 minuti"},"schema":{"@context":"https:\/\/schema.org","@graph":[{"@type":"WebPage","@id":"https:\/\/www.viaggiointurchia.com\/it\/trekking-kackar\/","url":"https:\/\/www.viaggiointurchia.com\/it\/trekking-kackar\/","name":"Trekking Montagne del Kackar","isPartOf":{"@id":"https:\/\/www.viaggiointurchia.com\/it\/#website"},"primaryImageOfPage":{"@id":"https:\/\/www.viaggiointurchia.com\/it\/trekking-kackar\/#primaryimage"},"image":{"@id":"https:\/\/www.viaggiointurchia.com\/it\/trekking-kackar\/#primaryimage"},"thumbnailUrl":"https:\/\/www.viaggiointurchia.com\/it\/wp-content\/uploads\/2015\/04\/KACKAR.jpg","datePublished":"2015-04-08T23:05:53+00:00","dateModified":"2024-02-01T13:42:04+00:00","description":"Trekking Montagne del Kackar: ghiacciai e laghi, gruppi etnici e biodiversit\u00e0 in Turchia","breadcrumb":{"@id":"https:\/\/www.viaggiointurchia.com\/it\/trekking-kackar\/#breadcrumb"},"inLanguage":"it-IT","potentialAction":[{"@type":"ReadAction","target":["https:\/\/www.viaggiointurchia.com\/it\/trekking-kackar\/"]}]},{"@type":"ImageObject","inLanguage":"it-IT","@id":"https:\/\/www.viaggiointurchia.com\/it\/trekking-kackar\/#primaryimage","url":"https:\/\/www.viaggiointurchia.com\/it\/wp-content\/uploads\/2015\/04\/KACKAR.jpg","contentUrl":"https:\/\/www.viaggiointurchia.com\/it\/wp-content\/uploads\/2015\/04\/KACKAR.jpg","width":705,"height":470},{"@type":"BreadcrumbList","@id":"https:\/\/www.viaggiointurchia.com\/it\/trekking-kackar\/#breadcrumb","itemListElement":[{"@type":"ListItem","position":1,"name":"Home","item":"https:\/\/www.viaggiointurchia.com\/it\/"},{"@type":"ListItem","position":2,"name":"TREKKING KACKAR"}]},{"@type":"WebSite","@id":"https:\/\/www.viaggiointurchia.com\/it\/#website","url":"https:\/\/www.viaggiointurchia.com\/it\/","name":"Viaggio in Turchia","description":"Viaggio in Turchia","potentialAction":[{"@type":"SearchAction","target":{"@type":"EntryPoint","urlTemplate":"https:\/\/www.viaggiointurchia.com\/it\/?s={search_term_string}"},"query-input":{"@type":"PropertyValueSpecification","valueRequired":true,"valueName":"search_term_string"}}],"inLanguage":"it-IT"}]}},"_links":{"self":[{"href":"https:\/\/www.viaggiointurchia.com\/it\/wp-json\/wp\/v2\/pages\/67352"}],"collection":[{"href":"https:\/\/www.viaggiointurchia.com\/it\/wp-json\/wp\/v2\/pages"}],"about":[{"href":"https:\/\/www.viaggiointurchia.com\/it\/wp-json\/wp\/v2\/types\/page"}],"author":[{"embeddable":true,"href":"https:\/\/www.viaggiointurchia.com\/it\/wp-json\/wp\/v2\/users\/2"}],"replies":[{"embeddable":true,"href":"https:\/\/www.viaggiointurchia.com\/it\/wp-json\/wp\/v2\/comments?post=67352"}],"version-history":[{"count":4,"href":"https:\/\/www.viaggiointurchia.com\/it\/wp-json\/wp\/v2\/pages\/67352\/revisions"}],"predecessor-version":[{"id":68738,"href":"https:\/\/www.viaggiointurchia.com\/it\/wp-json\/wp\/v2\/pages\/67352\/revisions\/68738"}],"wp:featuredmedia":[{"embeddable":true,"href":"https:\/\/www.viaggiointurchia.com\/it\/wp-json\/wp\/v2\/media\/68384"}],"wp:attachment":[{"href":"https:\/\/www.viaggiointurchia.com\/it\/wp-json\/wp\/v2\/media?parent=67352"}],"curies":[{"name":"wp","href":"https:\/\/api.w.org\/{rel}","templated":true}]}}