{"id":67348,"date":"2015-04-09T00:58:26","date_gmt":"2015-04-08T22:58:26","guid":{"rendered":"http:\/\/www.viaggiointurchia.com\/it\/?page_id=67348"},"modified":"2024-02-01T13:26:05","modified_gmt":"2024-02-01T12:26:05","slug":"trekking-sul-monte-ararat","status":"publish","type":"page","link":"https:\/\/www.viaggiointurchia.com\/it\/trekking-sul-monte-ararat\/","title":{"rendered":"Trekking sul Monte Ararat"},"content":{"rendered":"<div class=\"wpb-content-wrapper\"><p>[vc_row type=&#8221;full_page_width&#8221; padding_top=&#8221;&#8221; padding_bottom=&#8221;&#8221; margin_bottom=&#8221;3em&#8221; bg_type=&#8221;theme_default&#8221; bg_grad=&#8221;background: -webkit-gradient(linear, left top, left bottom, color-stop(0%, #FBFBFB), color-stop(50%, #E3E3E3), color-stop(100%, #C2C2C2));background: -moz-linear-gradient(top,#FBFBFB 0%,#E3E3E3 50%,#C2C2C2 100%);background: -webkit-linear-gradient(top,#FBFBFB 0%,#E3E3E3 50%,#C2C2C2 100%);background: -o-linear-gradient(top,#FBFBFB 0%,#E3E3E3 50%,#C2C2C2 100%);background: -ms-linear-gradient(top,#FBFBFB 0%,#E3E3E3 50%,#C2C2C2 100%);background: linear-gradient(top,#FBFBFB 0%,#E3E3E3 50%,#C2C2C2 100%);&#8221; parallax_style=&#8221;vcpb-default&#8221; bg_image_repeat=&#8221;no-repeat&#8221; bg_image_size=&#8221;cover&#8221; bg_img_attach=&#8221;fixed&#8221; parallax_sense=&#8221;30&#8243; bg_override=&#8221;0&#8243;][vc_column]  \n    <div class=\"cg-strip cg-strip-wrap fade-in animate\" style=\"background-color:#000000!important; height:320px; \">\n      <div class=\"cg-strip-bg cg_parallax\" style=\"background-image:url(https:\/\/www.viaggiointurchia.com\/it\/wp-content\/uploads\/2015\/02\/ararat2.jpg); \" data-center=\"background-position: 50% 50%;\" data-top-bottom=\"background-position: 50% 0%\" data-bottom-top=\"background-position: 50% 95%\"><\/div>\n        <div class=\"row\">\n          <div style=\"width:50%\"  class=\"cg-pos  valign-center halign-center \" >\n            <div class=\"cg-strip-content cg-strip-1762741959 light text-align-center\" data-center-bottom=\"opacity: 1\" data--150-top=\"opacity: 0\" data-anchor-target=\".cg-strip-1762741959\"><\/div>\n          <\/div>\n        <\/div>\n    <\/div>\n  [\/vc_column][\/vc_row][vc_row type=&#8221;container&#8221; padding_top=&#8221;&#8221; padding_bottom=&#8221;&#8221;][vc_column][vc_column_text]<\/p>\n<h2 style=\"text-align: center;\">Trekking sul Monte Ararat<\/h2>\n<h3 style=\"text-align: center;\">Sopra le nuvole della Turchia<\/h3>\n<p>[\/vc_column_text][vc_column_text]<\/p>\n<p style=\"text-align: center;\">L&#8217;esperienza di trekking sul Monte Ararat prevede un <strong>livello EAI impegnativo<\/strong>, adatto escursionisti esperti, per raggiungere la vetta sar\u00e0 necessario attraversare il ghiacciaio, nevai e pietraie, \u00e8 richiesta una certa esperienza ed \u00e8 necessario saper utilizzare materiale da sci-alpinismo.<\/p>\n<p style=\"text-align: center;\">Effettueremo due escursioni sui Monti Suphan e Artos per l\u2019acclimatazione e per non perdere l\u2019occasione di vedere altri due monti bellissimi di questa regione incredibile.<\/p>\n<p style=\"text-align: center;\">L\u2019ascesa al Monte Ararat sar\u00e0 percorribile ad insindacabile giudizio della guida, in base alle condizioni meteo ed al livello di preparazione dei partecipanti.<\/p>\n<p style=\"text-align: center;\">Sebbene il percorso possa subire modifiche in base alle condizioni atmosferiche o alle necessit\u00e0 del momento, il valore sostanziale del programma non viene comunque alterato.<\/p>\n<p>[\/vc_column_text][\/vc_column][\/vc_row][vc_row type=&#8221;container&#8221; padding_top=&#8221;&#8221; padding_bottom=&#8221;&#8221;][vc_column][vc_text_separator title=&#8221;STRUTTURA DEL VIAGGIO&#8221; i_icon_fontawesome=&#8221;fas fa-map-marked-alt&#8221; i_color=&#8221;juicy_pink&#8221; color=&#8221;juicy_pink&#8221; add_icon=&#8221;true&#8221;][\/vc_column][\/vc_row][vc_row type=&#8221;container&#8221; padding_top=&#8221;&#8221; padding_bottom=&#8221;&#8221;][vc_column width=&#8221;1\/2&#8243;][vc_column_text]<\/p>\n<h2 style=\"text-align: center;\"><strong>Itinerario<\/strong><\/h2>\n<p><strong>1\u00b0 giorno VAN<\/strong><\/p>\n<p>Arrivo a Van con volo via Istanbul, incontro con l\u2019autista e la guida. Durante il trasferimento in hotel visita del <strong>Castello di Ishak Pasha<\/strong>, l\u2019eccentrico Emiro curdo che con questa residenza dai toni delle mille ed una notte ha sfidato la meraviglia delle residenze sultaniali ottomane. Cena e pernottamento in hotel.<\/p>\n<p><strong>2\u00b0 giorno VILLAGGIO DI ELI\/1* CAMPO<\/strong><\/p>\n<p>Dopo colazione trasferimento al villaggio di Eli. Qui carichiamo I muli e partiamo per raggiungere i<strong>l primo campo a 3200 metri<\/strong>. 2-3 ore di cammino. Pasti e Notte al campo<\/p>\n<p><strong>3\u00b0 giorno TREKKING DI ACCLIMATAZIONE<\/strong><\/p>\n<p>In mattinata iniziamo un trekking per acclimatarci all\u2019altitudine. Giungeremo al <strong>secondo capo, ad un\u2019altezza di 4200 metri<\/strong>. Sosteremo per il pranzo e poi ritorneremo al nostro campo di partenza, 3200 metri. 4-5 ore di cammino. Notte al campo<\/p>\n<p><strong>4\u00b0 giorno 2* CAMPO<\/strong><\/p>\n<p>In mattinata carichiamo I muli e ci incamminiamo per raggiungere il 2* campo a 4200 metri. Allestimento del campeggio, pasti e pernottamento.<\/p>\n<p><strong>5\u00b0 giorno MONTE ARARAT \u2013 la VETTA<\/strong><\/p>\n<p>Sveglia al mattino presto per affrontare l\u2019<strong>ascesa alla vetta del Monte Ararat.<\/strong> Condizioni meteo permettendo, raggiungeremo la vetta situata a <strong>5.165 mt<\/strong>. con imbrago e corda. A seguire rientro al campo base a 4200 mt. Pranzo al sacco, cena e pernottamento al campo.<\/p>\n<p><strong>6\u00b0 giorno GIORNO JOLLY***<\/strong><\/p>\n<p>Questa \u00e8 una giornata jolly. Nel caso in cui le condizioni meteo non permettano di salire alla vetta il 5 giorno, ci si riprova oggi. Altrimenti, si scende a Van e si passa qui la giornata, \u00e8 incluso l\u2019eventuale pernottamento in hotel.<\/p>\n<p><strong>7\u00b0 giorno Trasferimento a Do\u011fubeyazit<\/strong><\/p>\n<p>Cena e pernottamento in hotel a Do\u011fubeyazit<\/p>\n<p><strong>8\u00b0 giorno VAN \u2013 ISTANBUL &#8211; ITALIA<\/strong><\/p>\n<p>Trasferimento in aeroporto in tempo utile per l\u2019imbarco sul volo di rientro a Istanbul.[\/vc_column_text][\/vc_column][vc_column width=&#8221;1\/2&#8243;][vc_column_text]<\/p>\n<h2 style=\"text-align: center;\">Richiedi la scheda dettagliata del tour<\/h2>\n<p>[\/vc_column_text]\n<div class=\"wpcf7 no-js\" id=\"wpcf7-f7-o1\" lang=\"it-IT\" dir=\"ltr\">\n<div class=\"screen-reader-response\"><p role=\"status\" aria-live=\"polite\" aria-atomic=\"true\"><\/p> <ul><\/ul><\/div>\n<form action=\"\/it\/wp-json\/wp\/v2\/pages\/67348#wpcf7-f7-o1\" method=\"post\" class=\"wpcf7-form init\" aria-label=\"Modulo di contatto\" novalidate=\"novalidate\" data-status=\"init\">\n<div style=\"display: none;\">\n<input type=\"hidden\" name=\"_wpcf7\" value=\"7\" \/>\n<input type=\"hidden\" name=\"_wpcf7_version\" value=\"5.9.8\" \/>\n<input type=\"hidden\" name=\"_wpcf7_locale\" value=\"it_IT\" \/>\n<input type=\"hidden\" name=\"_wpcf7_unit_tag\" value=\"wpcf7-f7-o1\" \/>\n<input type=\"hidden\" name=\"_wpcf7_container_post\" value=\"0\" \/>\n<input type=\"hidden\" name=\"_wpcf7_posted_data_hash\" value=\"\" \/>\n<input type=\"hidden\" name=\"_wpcf7_recaptcha_response\" value=\"\" \/>\n<\/div>\n<p>Nome e Cognome (*)\n<\/p>\n<p><span class=\"wpcf7-form-control-wrap\" data-name=\"your-name\"><input size=\"40\" maxlength=\"400\" class=\"wpcf7-form-control wpcf7-text wpcf7-validates-as-required\" aria-required=\"true\" aria-invalid=\"false\" value=\"\" type=\"text\" name=\"your-name\" \/><\/span>\n<\/p>\n<p>Email (*)\n<\/p>\n<p><span class=\"wpcf7-form-control-wrap\" data-name=\"your-email\"><input size=\"40\" maxlength=\"400\" class=\"wpcf7-form-control wpcf7-email wpcf7-validates-as-required wpcf7-text wpcf7-validates-as-email\" aria-required=\"true\" aria-invalid=\"false\" value=\"\" type=\"email\" name=\"your-email\" \/><\/span>\n<\/p>\n<p>Cellulare\/Whatsapp (*)\n<\/p>\n<p><span class=\"wpcf7-form-control-wrap\" data-name=\"tel-871\"><input size=\"40\" maxlength=\"400\" class=\"wpcf7-form-control wpcf7-tel wpcf7-validates-as-required wpcf7-text wpcf7-validates-as-tel\" aria-required=\"true\" aria-invalid=\"false\" value=\"\" type=\"tel\" name=\"tel-871\" \/><\/span>\n<\/p>\n<p>Seleziona il tour che preferisci (*)\n<\/p>\n<p><span class=\"wpcf7-form-control-wrap\" data-name=\"menu-845\"><select class=\"wpcf7-form-control wpcf7-select wpcf7-validates-as-required\" aria-required=\"true\" aria-invalid=\"false\" multiple=\"multiple\" name=\"menu-845[]\"><option value=\"\">&#8212;Seleziona un&#039;opzione&#8212;<\/option><option value=\"Istanbul 5 giorni\">Istanbul 5 giorni<\/option><option value=\"Turchia Orientale\">Turchia Orientale<\/option><option value=\"Mesopotamia\">Mesopotamia<\/option><option value=\"Turchia classica\">Turchia classica<\/option><option value=\"Istanbul e Cappadocia\">Istanbul e Cappadocia<\/option><option value=\"Il triangolo d&#039;oro\">Il triangolo d&#039;oro<\/option><option value=\"Turchia archeologica\">Turchia archeologica<\/option><option value=\"Costa Licia\">Costa Licia<\/option><option value=\"Turchia classica e soggiorno mare\">Turchia classica e soggiorno mare<\/option><option value=\"Ankara Hattusa Cappadocia\">Ankara Hattusa Cappadocia<\/option><option value=\"Capodanno a Istanbul per AGENZIE\">Capodanno a Istanbul per AGENZIE<\/option><\/select><\/span>\n<\/p>\n<p>Se hai una richiesta scrivila qui\n<\/p>\n<p><span class=\"wpcf7-form-control-wrap\" data-name=\"your-message\"><textarea cols=\"40\" rows=\"10\" maxlength=\"2000\" class=\"wpcf7-form-control wpcf7-textarea\" aria-invalid=\"false\" name=\"your-message\"><\/textarea><\/span>\n<\/p>\n\n<p><input class=\"wpcf7-form-control wpcf7-submit has-spinner\" type=\"submit\" value=\"Invia\" \/>\n<\/p><div class=\"wpcf7-response-output\" aria-hidden=\"true\"><\/div>\n<\/form>\n<\/div>\n[\/vc_column][\/vc_row][vc_row type=&#8221;container&#8221; padding_top=&#8221;&#8221; padding_bottom=&#8221;&#8221;][vc_column][vc_text_separator title=&#8221;Dettagli&#8221; i_icon_fontawesome=&#8221;fas fa-search-location&#8221; i_color=&#8221;juicy_pink&#8221; color=&#8221;juicy_pink&#8221; add_icon=&#8221;true&#8221;][\/vc_column][\/vc_row][vc_row type=&#8221;container&#8221; padding_top=&#8221;&#8221; padding_bottom=&#8221;&#8221;][vc_column][vc_tabs][vc_tab title=&#8221;Prezzi e partenze&#8221; tab_id=&#8221;1395441744-2-82&#8243;][vc_column_text]<strong>PARTENZE<\/strong><\/p>\n<p>Partenze individuali con guida disponibili a richiesta<\/p>\n<p align=\"JUSTIFY\"><strong><span style=\"font-family: Cambria, serif;\">COSTI:<\/span><\/strong><\/p>\n<p align=\"JUSTIFY\">da definire su richiesta a seconda del numero di partecipanti<\/p>\n<p align=\"JUSTIFY\"><span style=\"font-family: Cambria, serif;\"><b>SI INCLUDE:<\/b><\/span><\/p>\n<p align=\"JUSTIFY\"><span style=\"font-family: Cambria, serif;\">Permessi per il trekking<\/span><\/p>\n<p align=\"JUSTIFY\"><span style=\"font-family: Cambria, serif;\">Pernottamenti e Pasti come da programma<\/span><\/p>\n<p align=\"JUSTIFY\"><span style=\"font-family: Cambria, serif;\">Guida locale esperta indispensabile per il territorio<\/span><\/p>\n<p align=\"JUSTIFY\"><span style=\"font-family: Cambria, serif;\"><b>NON SI INCLUDE:<\/b><\/span><\/p>\n<p align=\"JUSTIFY\"><span style=\"font-family: Cambria, serif;\">VOLI INTERNAZIONLE E DOMESTICI<\/span><\/p>\n<p align=\"JUSTIFY\"><span style=\"font-family: Cambria, serif;\">ASSICURAZIONE PERSONALE MEDICO-BAGAGLIO<\/span><\/p>\n<p align=\"JUSTIFY\"><span style=\"font-family: Cambria, serif;\">BEVANDE. MANCE ED EXTRA<\/span><\/p>\n<p align=\"JUSTIFY\"><span style=\"font-family: Cambria, serif;\">TUTTO CIO\u2019 CHE NON E\u2019 RIPORTATO NELLA VOCE SI INCLUDE<\/span><\/p>\n<p>[\/vc_column_text][\/vc_tab][vc_tab title=&#8221;HOTEL&#8221; tab_id=&#8221;1705490569810-3-5&#8243;][vc_column_text]<\/p>\n<h2 style=\"text-align: center;\"><strong>HOTEL<\/strong><\/h2>\n<p style=\"text-align: justify;\">Le sistemazioni sono tutte presso hotel di categoria 5 stelle, 4 stelle e boutique a gestione locale e includono la prima colazione. Prediligiamo strutture di charme con valenza storico-culturale e inseriti in contesti cittadini validi per sperimentare le attitudini locali ed in linea con i criteri di turismo responsabile.<\/p>\n<p>&nbsp;<\/p>\n<p><strong>Lista hotel<\/strong><\/p>\n<p>Kayak\u00f6y Misafir evi (max 9 rooms)\u00a0http:\/\/www.kayamisafirevi.com\/<\/p>\n<p>Faralya Montenegro\u00a0https:\/\/www.montenegromotel.com\/<\/p>\n<p>Gey village house\u00a0 stanze molto basic, 4 camere hanno bagno privato e le altre bagni in comune<\/p>\n<p>Ka\u015f Talay Hotel\u00a0http:\/\/www.talayotel.com\/anasayfa<\/p>\n<p>\u00c7\u0131ral\u0131 Emin Pension\u00a0http:\/\/www.eminpansiyon.com\/<\/p>\n<p>Ulup\u0131nar\u00a0https:\/\/www.lyciahotel-ulupinar.com\/en\/<\/p>\n<p>Antalya old town\u00a0http:\/\/pudinghotels.com\/tr<\/p>\n<p>&nbsp;<\/p>\n<p>[\/vc_column_text][\/vc_tab][vc_tab title=&#8221;PASTI&#8221; tab_id=&#8221;1705490604487-4-0&#8243;][vc_column_text]<\/p>\n<h2 style=\"text-align: center;\"><strong>PASTI<\/strong><\/h2>\n<p style=\"text-align: justify;\">Pensione completa pranzi e cene alternando ristoranti e locande ai ristoranti degli hotel.<\/p>\n<p>&nbsp;<\/p>\n<p>[\/vc_column_text][\/vc_tab][vc_tab title=&#8221;ORGANIZZAZIONE LOGISTICA&#8221; tab_id=&#8221;1705490646858-5-0&#8243;][vc_column_text]<\/p>\n<h2 style=\"text-align: center;\"><strong>ORGANIZZAZIONE LOGISTICA<\/strong><\/h2>\n<p style=\"text-align: justify;\">L\u2019itinerario \u00e8 ideato e coordinato da Elena Ventura laureata in Turcologia alla Sapienza di Roma e consulente di viaggio residente in Turchia da 5 anni con il supporto di partner territoriali di alta professionalit\u00e0 ed affidabilit\u00e0, tutti membri esercenti di facile tracciabilit\u00e0 con regolare licenza governativa rilasciata dal TURSAB.<\/p>\n<p style=\"text-align: justify;\">Nelle partenze col turcologo, Elena Ventura affianca i gruppi e le e guide locali durante gli itinerari, fornendo mediazione culturale e linguistica e assistenza diretta 24h.<\/p>\n<p><strong>Attrezzatura:<\/strong><\/p>\n<p>Scarponcini da trekking impermeabili con suola rigida, sacco a pelo e materassino, abbigliamento pesante, ideale per sci-alpinismo, impermeabile, cappello, occhiali da sole e protezione solare, zaino da trekking di capacit\u00e0 40\/50 lt.<\/p>\n<p>Ramponi, piccozza, materiale per cordata, Sci adatti a sci-alpinismo con pelli di foca.<\/p>\n<p>Consigliamo di portare con voi i bastoncini da trekking.<\/p>\n<p>E\u2019 POSSIBILE AFFITTARE IL MATERIALE I LOCO MA I COSTI SONO relativamente\u00a0ALTI PERTANTO SI CONSIGLIA DI MUNIRSI PRIMA DEL VIAGGIO.<\/p>\n<p><strong>Permessi<\/strong><\/p>\n<p>Richiediamo l\u2019iscrizione al viaggio due mesi prima della partenza, al fine di provvedere all\u2019ottenimento dei permessi necessari per effettuare il viaggio. In fase di prenotazione sar\u00e0 necessario inviare la scansione via e-mail del passaporto.<\/p>\n<p><strong>IL PERCORSO<\/strong><\/p>\n<p>Effettueremo due escursioni sui Monti Suphan e Artos per l\u2019acclimatazione e per non perdere l\u2019occasione di vedere altri due monti bellissimi di questa regione incredibile.<\/p>\n<p>Pasti: I pranzi sono al sacco. I partecipanti sono tenuti a collaborare con lo staff per il trasporto del cibo.<\/p>\n<p>I pasti serali sono generalmente semplici e consistono solitamente in zuppa calda o insalata, portata principale di carne con pasta o riso e frutta.<\/p>\n<p>Non si\u00a0inclusa l\u2019acqua, soft drinks o alcolici.<\/p>\n<p>Note:<\/p>\n<p>l\u2019ascesa al Monte Ararat sar\u00e0 percorribile ad insindacabile giudizio della guida, in base alle condizioni meteo ed al livello di preparazione dei partecipanti.<\/p>\n<p>Sebbene il percorso possa subire modifiche in base alle condizioni atmosferiche o alle necessit\u00e0 del momento, il valore sostanziale del programma non viene comunque alterato.<\/p>\n<p>Le tende verranno fornite dall\u2019organizzazione, tutte a igloo e di buona qualit\u00e0. I partecipanti sono tenuti a montare e smontare le tende durante il viaggio.[\/vc_column_text][\/vc_tab][vc_tab title=&#8221;CLIMA\/FUSO ORARIO&#8221; tab_id=&#8221;1705490695635-6-9&#8243;][vc_column_text]<\/p>\n<h2 style=\"text-align: center;\"><strong>CLIMA\/FUSO ORARIO<\/strong><\/h2>\n<p style=\"text-align: justify;\">Il clima della Turchia \u00e8 caratterizzato da notevoli differenze tra le coste del Mar Nero, le aree interne dell\u2019altopiano di Erzurum e la Mesopotamia. E\u2019 indispensabile prevedere un abbigliamento che spazi tra capi di mezza stagione ed estivi, con la possibilit\u00e0 di potersi allegerire\/appesantire al bisogno (a cipolla). Prevedere un impermeabile per i giorni nella regione del mar nero e scarpe con la suola incisa possibilmente chiuse e leggere per le escursioni.<\/p>\n<p>[\/vc_column_text][\/vc_tab][vc_tab title=&#8221;Altre informazioni&#8221; tab_id=&#8221;1395441897017-2-2&#8243;][vc_column_text]<b>Trasporti<\/b> \u2013 Si utilizzano minibus di diversi modelli a secondo del numero dei\u00a0partecipanti.<\/p>\n<p><b>Organizzazione<\/b> \u2013 Guida locale di lingua inglese, mediatore culturale a partire da un minimo di 6 partecipanti.<\/p>\n<p><b>Clima<\/b> \u2013 Il clima della Turchia \u00e8 caratterizzato da notevoli differenze tra le coste e le aree interne. Gli altopiani presentano un clima puramente continentale, con forti escursioni termiche, estati calde e inverni rigidissimi dove la temperatura scende fino a -20 gradi. La Mesopotamia presenta un clima caldo e secco, l\u2019inverno \u00e8poco rigido con temperature che difficilmente scendono sotto I 10 gradi, l\u2019estate \u00e8 calda-secca con temperature sopra 40\u00b0C e escursioni termiche tra il giorno e la notte.<\/p>\n<p><b>Disposizioni sanitarie<\/b> \u2013 Non \u00e8 richiesta alcuna vaccinazione.<\/p>\n<p><b>Formalit\u00e0 burocratiche<\/b> \u2013 I cittadini italiani che si recano in Turchia per turismo possono entrare con la sola carta d&#8217;identit\u00e0 valida per l&#8217;espatrio, senza timbri di rinnovo e con validit\u00e0 di almeno 6 mesi a partire dall\u2019entrata. Si fa presente che l\u2019organizzazione non si assume alcuna responsabilit\u00e0 nel caso di impossibilit\u00e0 a entrare nel paese di destinazione a causa di documenti non corretti o scaduti.<\/p>\n<p><b>Caratteristiche e grado di difficolt\u00e0<\/b> \u2013 Viaggio di spiccato interesse culturale, archeologico, paesaggistico. Sono previsti lunghi spostamenti ma le escursioni sono di grado medio \u2013 facile. Pasti in ristoranti locali e nei ristoranti degli hotel utilizzati.<\/p>\n<p><b>NOTE: <\/b> Tutti I prezzi sono in Euro, includono l\u2019IVA e non sono soggetti ad adeguamenti L\u2019organizzazione si riserva di modificare I contenuti dei tour a propria discrezione e senza preavviso, qualora si rendesse necessario per ragioni di sicurezza o per condizioni climatiche peculiari. Si avr\u00e0 cura di non alterare troppo il programma e di proporre alternative valide.[\/vc_column_text][\/vc_tab][\/vc_tabs][\/vc_column][\/vc_row][vc_row type=&#8221;container&#8221; padding_top=&#8221;&#8221; padding_bottom=&#8221;&#8221;][vc_column][vc_text_separator title=&#8221;Ricevi la scheda dettagliata o richiedi maggiori informazioni&#8221; i_icon_fontawesome=&#8221;fas fa-info-circle&#8221; i_color=&#8221;juicy_pink&#8221; add_icon=&#8221;true&#8221;][\/vc_column][\/vc_row][vc_row type=&#8221;container&#8221; padding_top=&#8221;&#8221; padding_bottom=&#8221;&#8221;][vc_column]\n<div class=\"wpcf7 no-js\" id=\"wpcf7-f7-o2\" lang=\"it-IT\" dir=\"ltr\">\n<div class=\"screen-reader-response\"><p role=\"status\" aria-live=\"polite\" aria-atomic=\"true\"><\/p> <ul><\/ul><\/div>\n<form action=\"\/it\/wp-json\/wp\/v2\/pages\/67348#wpcf7-f7-o2\" method=\"post\" class=\"wpcf7-form init\" aria-label=\"Modulo di contatto\" novalidate=\"novalidate\" data-status=\"init\">\n<div style=\"display: none;\">\n<input type=\"hidden\" name=\"_wpcf7\" value=\"7\" \/>\n<input type=\"hidden\" name=\"_wpcf7_version\" value=\"5.9.8\" \/>\n<input type=\"hidden\" name=\"_wpcf7_locale\" value=\"it_IT\" \/>\n<input type=\"hidden\" name=\"_wpcf7_unit_tag\" value=\"wpcf7-f7-o2\" \/>\n<input type=\"hidden\" name=\"_wpcf7_container_post\" value=\"0\" \/>\n<input type=\"hidden\" name=\"_wpcf7_posted_data_hash\" value=\"\" \/>\n<input type=\"hidden\" name=\"_wpcf7_recaptcha_response\" value=\"\" \/>\n<\/div>\n<p>Nome e Cognome (*)\n<\/p>\n<p><span class=\"wpcf7-form-control-wrap\" data-name=\"your-name\"><input size=\"40\" maxlength=\"400\" class=\"wpcf7-form-control wpcf7-text wpcf7-validates-as-required\" aria-required=\"true\" aria-invalid=\"false\" value=\"\" type=\"text\" name=\"your-name\" \/><\/span>\n<\/p>\n<p>Email (*)\n<\/p>\n<p><span class=\"wpcf7-form-control-wrap\" data-name=\"your-email\"><input size=\"40\" maxlength=\"400\" class=\"wpcf7-form-control wpcf7-email wpcf7-validates-as-required wpcf7-text wpcf7-validates-as-email\" aria-required=\"true\" aria-invalid=\"false\" value=\"\" type=\"email\" name=\"your-email\" \/><\/span>\n<\/p>\n<p>Cellulare\/Whatsapp (*)\n<\/p>\n<p><span class=\"wpcf7-form-control-wrap\" data-name=\"tel-871\"><input size=\"40\" maxlength=\"400\" class=\"wpcf7-form-control wpcf7-tel wpcf7-validates-as-required wpcf7-text wpcf7-validates-as-tel\" aria-required=\"true\" aria-invalid=\"false\" value=\"\" type=\"tel\" name=\"tel-871\" \/><\/span>\n<\/p>\n<p>Seleziona il tour che preferisci (*)\n<\/p>\n<p><span class=\"wpcf7-form-control-wrap\" data-name=\"menu-845\"><select class=\"wpcf7-form-control wpcf7-select wpcf7-validates-as-required\" aria-required=\"true\" aria-invalid=\"false\" multiple=\"multiple\" name=\"menu-845[]\"><option value=\"\">&#8212;Seleziona un&#039;opzione&#8212;<\/option><option value=\"Istanbul 5 giorni\">Istanbul 5 giorni<\/option><option value=\"Turchia Orientale\">Turchia Orientale<\/option><option value=\"Mesopotamia\">Mesopotamia<\/option><option value=\"Turchia classica\">Turchia classica<\/option><option value=\"Istanbul e Cappadocia\">Istanbul e Cappadocia<\/option><option value=\"Il triangolo d&#039;oro\">Il triangolo d&#039;oro<\/option><option value=\"Turchia archeologica\">Turchia archeologica<\/option><option value=\"Costa Licia\">Costa Licia<\/option><option value=\"Turchia classica e soggiorno mare\">Turchia classica e soggiorno mare<\/option><option value=\"Ankara Hattusa Cappadocia\">Ankara Hattusa Cappadocia<\/option><option value=\"Capodanno a Istanbul per AGENZIE\">Capodanno a Istanbul per AGENZIE<\/option><\/select><\/span>\n<\/p>\n<p>Se hai una richiesta scrivila qui\n<\/p>\n<p><span class=\"wpcf7-form-control-wrap\" data-name=\"your-message\"><textarea cols=\"40\" rows=\"10\" maxlength=\"2000\" class=\"wpcf7-form-control wpcf7-textarea\" aria-invalid=\"false\" name=\"your-message\"><\/textarea><\/span>\n<\/p>\n\n<p><input class=\"wpcf7-form-control wpcf7-submit has-spinner\" type=\"submit\" value=\"Invia\" \/>\n<\/p><div class=\"wpcf7-response-output\" aria-hidden=\"true\"><\/div>\n<\/form>\n<\/div>\n[\/vc_column][\/vc_row][vc_row type=&#8221;container&#8221; padding_top=&#8221;&#8221; padding_bottom=&#8221;&#8221;][vc_column][vc_text_separator title=&#8221;Altri itinerari di trekking in Turchia&#8221; i_icon_fontawesome=&#8221;fas fa-route&#8221; i_color=&#8221;juicy_pink&#8221; color=&#8221;juicy_pink&#8221; add_icon=&#8221;true&#8221;][\/vc_column][\/vc_row][vc_row type=&#8221;container&#8221; padding_top=&#8221;&#8221; padding_bottom=&#8221;&#8221; css=&#8221;.vc_custom_1412696856679{margin-bottom: 20px !important;}&#8221;][vc_column width=&#8221;1\/3&#8243; el_class=&#8221;cap-content-hover&#8221;]<a href=\"https:\/\/www.viaggiointurchia.com\/it\/trekking-via-licia\">  \n    <div class=\"cg-strip cg-strip-wrap fade-in animate\" style=\"background-color:#333333!important; height:240px; \">\n      <div class=\"cg-strip-bg \" style=\"background-image:url(https:\/\/www.viaggiointurchia.com\/it\/wp-content\/uploads\/2015\/04\/LICIACICERONE.jpg); \" ><\/div>\n        <div class=\"row\">\n          <div style=\"width:80%\"  class=\"cg-pos  valign-center halign-center animate\" data-animate=\"fadeInUp\">\n            <div class=\"cg-strip-content cg-strip-1015924214 light text-align-center\" >\n<h2>Trekking Via Licia<\/h2>\n<\/div>\n          <\/div>\n        <\/div>\n    <\/div><\/a>\n  [\/vc_column][vc_column width=&#8221;1\/3&#8243; el_class=&#8221;cap-content-hover&#8221;]<a href=\"https:\/\/www.viaggiointurchia.com\/it\/trekking-aladaglar-tauri\">  \n    <div class=\"cg-strip cg-strip-wrap fade-in animate\" style=\"background-color:#333333!important; height:240px; \">\n      <div class=\"cg-strip-bg \" style=\"background-image:url(https:\/\/www.viaggiointurchia.com\/it\/wp-content\/uploads\/2016\/12\/tauri3.jpg); \" ><\/div>\n        <div class=\"row\">\n          <div style=\"width:80%\"  class=\"cg-pos  valign-center halign-center animate\" data-animate=\"fadeInUp\">\n            <div class=\"cg-strip-content cg-strip-2030989063 light text-align-center\" >\n<h2>Trekking Monti Tauri Aladaglar e Cappadocia<\/h2>\n<\/div>\n          <\/div>\n        <\/div>\n    <\/div><\/a>\n  [\/vc_column][vc_column width=&#8221;1\/3&#8243; el_class=&#8221;cap-content-hover&#8221;]<a href=\"https:\/\/www.viaggiointurchia.com\/it\/trekking-kackar\">  \n    <div class=\"cg-strip cg-strip-wrap fade-in animate\" style=\"background-color:#444444!important; height:240px; \">\n      <div class=\"cg-strip-bg \" style=\"background-image:url(https:\/\/www.viaggiointurchia.com\/it\/wp-content\/uploads\/2015\/04\/KACKAR.jpg); \" ><\/div>\n        <div class=\"row\">\n          <div style=\"width:80%\"  class=\"cg-pos  valign-center halign-center animate\" data-animate=\"fadeInUp\">\n            <div class=\"cg-strip-content cg-strip-582760440 light text-align-center\" >\n<h2>Trekking Montagne del Kackar<\/h2>\n<\/div>\n          <\/div>\n        <\/div>\n    <\/div><\/a>\n  [\/vc_column][\/vc_row]<\/p>\n<\/div>","protected":false},"excerpt":{"rendered":"<p>[vc_row type=&#8221;full_page_width&#8221; padding_top=&#8221;&#8221; padding_bottom=&#8221;&#8221; margin_bottom=&#8221;3em&#8221; bg_type=&#8221;theme_default&#8221; bg_grad=&#8221;background: -webkit-gradient(linear, left top, left bottom, color-stop(0%, #FBFBFB), color-stop(50%, #E3E3E3), color-stop(100%, #C2C2C2));background: -moz-linear-gradient(top,#FBFBFB 0%,#E3E3E3 50%,#C2C2C2 100%);background: -webkit-linear-gradient(top,#FBFBFB 0%,#E3E3E3 50%,#C2C2C2 100%);background: -o-linear-gradient(top,#FBFBFB 0%,#E3E3E3 50%,#C2C2C2 100%);background: -ms-linear-gradient(top,#FBFBFB 0%,#E3E3E3 50%,#C2C2C2 100%);background: linear-gradient(top,#FBFBFB 0%,#E3E3E3 50%,#C2C2C2 100%);&#8221; parallax_style=&#8221;vcpb-default&#8221; bg_image_repeat=&#8221;no-repeat&#8221; bg_image_size=&#8221;cover&#8221; bg_img_attach=&#8221;fixed&#8221; parallax_sense=&#8221;30&#8243; bg_override=&#8221;0&#8243;][vc_column][\/vc_column][\/vc_row][vc_row type=&#8221;container&#8221; padding_top=&#8221;&#8221; padding_bottom=&#8221;&#8221;][vc_column][vc_column_text] Trekking sul Monte Ararat Sopra le nuvole della [&hellip;]<\/p>\n","protected":false},"author":2,"featured_media":67338,"parent":0,"menu_order":0,"comment_status":"closed","ping_status":"open","template":"page-full-width.php","meta":{"_acf_changed":false,"footnotes":""},"acf":[],"yoast_head":"<!-- This site is optimized with the Yoast SEO plugin v23.4 - https:\/\/yoast.com\/wordpress\/plugins\/seo\/ -->\n<title>Trekking sul Monte Ararat<\/title>\n<meta name=\"description\" content=\"trekking sul monte ararat: arrampicata alla vetta pi\u00f9 alta di turchia con personale specializzato e in tutta sicurezza.\" \/>\n<meta name=\"robots\" content=\"index, follow, max-snippet:-1, max-image-preview:large, max-video-preview:-1\" \/>\n<link rel=\"canonical\" href=\"https:\/\/www.viaggiointurchia.com\/it\/trekking-sul-monte-ararat\/\" \/>\n<meta property=\"og:locale\" content=\"it_IT\" \/>\n<meta property=\"og:type\" content=\"article\" \/>\n<meta property=\"og:title\" content=\"Trekking sul Monte Ararat\" \/>\n<meta property=\"og:description\" content=\"trekking sul monte ararat: arrampicata alla vetta pi\u00f9 alta di turchia con personale specializzato e in tutta sicurezza.\" \/>\n<meta property=\"og:url\" content=\"https:\/\/www.viaggiointurchia.com\/it\/trekking-sul-monte-ararat\/\" \/>\n<meta property=\"og:site_name\" content=\"Viaggio in Turchia\" \/>\n<meta property=\"article:modified_time\" content=\"2024-02-01T12:26:05+00:00\" \/>\n<meta property=\"og:image\" content=\"https:\/\/www.viaggiointurchia.com\/it\/wp-content\/uploads\/2015\/02\/ararat2.jpg\" \/>\n\t<meta property=\"og:image:width\" content=\"960\" \/>\n\t<meta property=\"og:image:height\" content=\"720\" \/>\n\t<meta property=\"og:image:type\" content=\"image\/jpeg\" \/>\n<meta name=\"twitter:card\" content=\"summary_large_image\" \/>\n<meta name=\"twitter:label1\" content=\"Tempo di lettura stimato\" \/>\n\t<meta name=\"twitter:data1\" content=\"9 minuti\" \/>\n<script type=\"application\/ld+json\" class=\"yoast-schema-graph\">{\"@context\":\"https:\/\/schema.org\",\"@graph\":[{\"@type\":\"WebPage\",\"@id\":\"https:\/\/www.viaggiointurchia.com\/it\/trekking-sul-monte-ararat\/\",\"url\":\"https:\/\/www.viaggiointurchia.com\/it\/trekking-sul-monte-ararat\/\",\"name\":\"Trekking sul Monte Ararat\",\"isPartOf\":{\"@id\":\"https:\/\/www.viaggiointurchia.com\/it\/#website\"},\"primaryImageOfPage\":{\"@id\":\"https:\/\/www.viaggiointurchia.com\/it\/trekking-sul-monte-ararat\/#primaryimage\"},\"image\":{\"@id\":\"https:\/\/www.viaggiointurchia.com\/it\/trekking-sul-monte-ararat\/#primaryimage\"},\"thumbnailUrl\":\"https:\/\/www.viaggiointurchia.com\/it\/wp-content\/uploads\/2015\/02\/ararat2.jpg\",\"datePublished\":\"2015-04-08T22:58:26+00:00\",\"dateModified\":\"2024-02-01T12:26:05+00:00\",\"description\":\"trekking sul monte ararat: arrampicata alla vetta pi\u00f9 alta di turchia con personale specializzato e in tutta sicurezza.\",\"breadcrumb\":{\"@id\":\"https:\/\/www.viaggiointurchia.com\/it\/trekking-sul-monte-ararat\/#breadcrumb\"},\"inLanguage\":\"it-IT\",\"potentialAction\":[{\"@type\":\"ReadAction\",\"target\":[\"https:\/\/www.viaggiointurchia.com\/it\/trekking-sul-monte-ararat\/\"]}]},{\"@type\":\"ImageObject\",\"inLanguage\":\"it-IT\",\"@id\":\"https:\/\/www.viaggiointurchia.com\/it\/trekking-sul-monte-ararat\/#primaryimage\",\"url\":\"https:\/\/www.viaggiointurchia.com\/it\/wp-content\/uploads\/2015\/02\/ararat2.jpg\",\"contentUrl\":\"https:\/\/www.viaggiointurchia.com\/it\/wp-content\/uploads\/2015\/02\/ararat2.jpg\",\"width\":960,\"height\":720},{\"@type\":\"BreadcrumbList\",\"@id\":\"https:\/\/www.viaggiointurchia.com\/it\/trekking-sul-monte-ararat\/#breadcrumb\",\"itemListElement\":[{\"@type\":\"ListItem\",\"position\":1,\"name\":\"Home\",\"item\":\"https:\/\/www.viaggiointurchia.com\/it\/\"},{\"@type\":\"ListItem\",\"position\":2,\"name\":\"Trekking sul Monte Ararat\"}]},{\"@type\":\"WebSite\",\"@id\":\"https:\/\/www.viaggiointurchia.com\/it\/#website\",\"url\":\"https:\/\/www.viaggiointurchia.com\/it\/\",\"name\":\"Viaggio in Turchia\",\"description\":\"Viaggio in Turchia\",\"potentialAction\":[{\"@type\":\"SearchAction\",\"target\":{\"@type\":\"EntryPoint\",\"urlTemplate\":\"https:\/\/www.viaggiointurchia.com\/it\/?s={search_term_string}\"},\"query-input\":{\"@type\":\"PropertyValueSpecification\",\"valueRequired\":true,\"valueName\":\"search_term_string\"}}],\"inLanguage\":\"it-IT\"}]}<\/script>\n<!-- \/ Yoast SEO plugin. -->","yoast_head_json":{"title":"Trekking sul Monte Ararat","description":"trekking sul monte ararat: arrampicata alla vetta pi\u00f9 alta di turchia con personale specializzato e in tutta sicurezza.","robots":{"index":"index","follow":"follow","max-snippet":"max-snippet:-1","max-image-preview":"max-image-preview:large","max-video-preview":"max-video-preview:-1"},"canonical":"https:\/\/www.viaggiointurchia.com\/it\/trekking-sul-monte-ararat\/","og_locale":"it_IT","og_type":"article","og_title":"Trekking sul Monte Ararat","og_description":"trekking sul monte ararat: arrampicata alla vetta pi\u00f9 alta di turchia con personale specializzato e in tutta sicurezza.","og_url":"https:\/\/www.viaggiointurchia.com\/it\/trekking-sul-monte-ararat\/","og_site_name":"Viaggio in Turchia","article_modified_time":"2024-02-01T12:26:05+00:00","og_image":[{"width":960,"height":720,"url":"https:\/\/www.viaggiointurchia.com\/it\/wp-content\/uploads\/2015\/02\/ararat2.jpg","type":"image\/jpeg"}],"twitter_card":"summary_large_image","twitter_misc":{"Tempo di lettura stimato":"9 minuti"},"schema":{"@context":"https:\/\/schema.org","@graph":[{"@type":"WebPage","@id":"https:\/\/www.viaggiointurchia.com\/it\/trekking-sul-monte-ararat\/","url":"https:\/\/www.viaggiointurchia.com\/it\/trekking-sul-monte-ararat\/","name":"Trekking sul Monte Ararat","isPartOf":{"@id":"https:\/\/www.viaggiointurchia.com\/it\/#website"},"primaryImageOfPage":{"@id":"https:\/\/www.viaggiointurchia.com\/it\/trekking-sul-monte-ararat\/#primaryimage"},"image":{"@id":"https:\/\/www.viaggiointurchia.com\/it\/trekking-sul-monte-ararat\/#primaryimage"},"thumbnailUrl":"https:\/\/www.viaggiointurchia.com\/it\/wp-content\/uploads\/2015\/02\/ararat2.jpg","datePublished":"2015-04-08T22:58:26+00:00","dateModified":"2024-02-01T12:26:05+00:00","description":"trekking sul monte ararat: arrampicata alla vetta pi\u00f9 alta di turchia con personale specializzato e in tutta sicurezza.","breadcrumb":{"@id":"https:\/\/www.viaggiointurchia.com\/it\/trekking-sul-monte-ararat\/#breadcrumb"},"inLanguage":"it-IT","potentialAction":[{"@type":"ReadAction","target":["https:\/\/www.viaggiointurchia.com\/it\/trekking-sul-monte-ararat\/"]}]},{"@type":"ImageObject","inLanguage":"it-IT","@id":"https:\/\/www.viaggiointurchia.com\/it\/trekking-sul-monte-ararat\/#primaryimage","url":"https:\/\/www.viaggiointurchia.com\/it\/wp-content\/uploads\/2015\/02\/ararat2.jpg","contentUrl":"https:\/\/www.viaggiointurchia.com\/it\/wp-content\/uploads\/2015\/02\/ararat2.jpg","width":960,"height":720},{"@type":"BreadcrumbList","@id":"https:\/\/www.viaggiointurchia.com\/it\/trekking-sul-monte-ararat\/#breadcrumb","itemListElement":[{"@type":"ListItem","position":1,"name":"Home","item":"https:\/\/www.viaggiointurchia.com\/it\/"},{"@type":"ListItem","position":2,"name":"Trekking sul Monte Ararat"}]},{"@type":"WebSite","@id":"https:\/\/www.viaggiointurchia.com\/it\/#website","url":"https:\/\/www.viaggiointurchia.com\/it\/","name":"Viaggio in Turchia","description":"Viaggio in Turchia","potentialAction":[{"@type":"SearchAction","target":{"@type":"EntryPoint","urlTemplate":"https:\/\/www.viaggiointurchia.com\/it\/?s={search_term_string}"},"query-input":{"@type":"PropertyValueSpecification","valueRequired":true,"valueName":"search_term_string"}}],"inLanguage":"it-IT"}]}},"_links":{"self":[{"href":"https:\/\/www.viaggiointurchia.com\/it\/wp-json\/wp\/v2\/pages\/67348"}],"collection":[{"href":"https:\/\/www.viaggiointurchia.com\/it\/wp-json\/wp\/v2\/pages"}],"about":[{"href":"https:\/\/www.viaggiointurchia.com\/it\/wp-json\/wp\/v2\/types\/page"}],"author":[{"embeddable":true,"href":"https:\/\/www.viaggiointurchia.com\/it\/wp-json\/wp\/v2\/users\/2"}],"replies":[{"embeddable":true,"href":"https:\/\/www.viaggiointurchia.com\/it\/wp-json\/wp\/v2\/comments?post=67348"}],"version-history":[{"count":2,"href":"https:\/\/www.viaggiointurchia.com\/it\/wp-json\/wp\/v2\/pages\/67348\/revisions"}],"predecessor-version":[{"id":68735,"href":"https:\/\/www.viaggiointurchia.com\/it\/wp-json\/wp\/v2\/pages\/67348\/revisions\/68735"}],"wp:featuredmedia":[{"embeddable":true,"href":"https:\/\/www.viaggiointurchia.com\/it\/wp-json\/wp\/v2\/media\/67338"}],"wp:attachment":[{"href":"https:\/\/www.viaggiointurchia.com\/it\/wp-json\/wp\/v2\/media?parent=67348"}],"curies":[{"name":"wp","href":"https:\/\/api.w.org\/{rel}","templated":true}]}}