{"id":67344,"date":"2015-04-09T00:51:21","date_gmt":"2015-04-08T22:51:21","guid":{"rendered":"http:\/\/www.viaggiointurchia.com\/it\/?page_id=67344"},"modified":"2024-02-01T12:07:28","modified_gmt":"2024-02-01T11:07:28","slug":"trekking-via-licia","status":"publish","type":"page","link":"https:\/\/www.viaggiointurchia.com\/it\/trekking-via-licia\/","title":{"rendered":"Trekking Via Licia"},"content":{"rendered":"<div class=\"wpb-content-wrapper\"><p>[vc_row type=&#8221;full_page_width&#8221; padding_top=&#8221;&#8221; padding_bottom=&#8221;&#8221; margin_bottom=&#8221;3em&#8221; bg_type=&#8221;theme_default&#8221; bg_grad=&#8221;background: -webkit-gradient(linear, left top, left bottom, color-stop(0%, #FBFBFB), color-stop(50%, #E3E3E3), color-stop(100%, #C2C2C2));background: -moz-linear-gradient(top,#FBFBFB 0%,#E3E3E3 50%,#C2C2C2 100%);background: -webkit-linear-gradient(top,#FBFBFB 0%,#E3E3E3 50%,#C2C2C2 100%);background: -o-linear-gradient(top,#FBFBFB 0%,#E3E3E3 50%,#C2C2C2 100%);background: -ms-linear-gradient(top,#FBFBFB 0%,#E3E3E3 50%,#C2C2C2 100%);background: linear-gradient(top,#FBFBFB 0%,#E3E3E3 50%,#C2C2C2 100%);&#8221; parallax_style=&#8221;vcpb-default&#8221; bg_image_repeat=&#8221;no-repeat&#8221; bg_image_size=&#8221;cover&#8221; bg_img_attach=&#8221;fixed&#8221; parallax_sense=&#8221;30&#8243; bg_override=&#8221;0&#8243;][vc_column]  \n    <div class=\"cg-strip cg-strip-wrap fade-in animate\" style=\"background-color:#000000!important; height:320px; \">\n      <div class=\"cg-strip-bg cg_parallax\" style=\"background-image:url(https:\/\/www.viaggiointurchia.com\/it\/wp-content\/uploads\/2015\/04\/TREKKINGLICIA.jpg); \" data-center=\"background-position: 50% 50%;\" data-top-bottom=\"background-position: 50% 0%\" data-bottom-top=\"background-position: 50% 95%\"><\/div>\n        <div class=\"row\">\n          <div style=\"width:50%\"  class=\"cg-pos  valign-center halign-center \" >\n            <div class=\"cg-strip-content cg-strip-2021491776 light text-align-center\" data-center-bottom=\"opacity: 1\" data--150-top=\"opacity: 0\" data-anchor-target=\".cg-strip-2021491776\"><\/div>\n          <\/div>\n        <\/div>\n    <\/div>\n  [\/vc_column][\/vc_row][vc_row type=&#8221;container&#8221; padding_top=&#8221;&#8221; padding_bottom=&#8221;&#8221;][vc_column][vc_column_text]<\/p>\n<h2 style=\"text-align: center;\">Trekking percorrendo la Via Licia<\/h2>\n<p style=\"text-align: center;\">Il trekking denominato <em><strong>Via Licia<\/strong><\/em> \u00e8 una grande opportunit\u00e0 per esplorare gli insediamenti di montagna, le spiagge isolate e i siti del patrimonio UNESCO di questa regione poco conosciuta dal turismo di massa.<\/p>\n<p style=\"text-align: center;\">La Via Licia occidentale parte <strong>dalla catena montuosa di Babadag<\/strong> che domina \u00d6l\u00fcdeniz &#8211;\u00a0 tra le pi\u00f9 pittoresche baie di\u00a0Turchia. Si snoda sopra la prominente regione dei sette promontori e scende <strong>fino alla costa sud occidentale del Mediterraneo<\/strong>.<\/p>\n<p>[\/vc_column_text][\/vc_column][\/vc_row][vc_row type=&#8221;container&#8221; padding_top=&#8221;&#8221; padding_bottom=&#8221;&#8221;][vc_column][vc_text_separator title=&#8221;STRUTTURA DEL VIAGGIO&#8221; i_icon_fontawesome=&#8221;fas fa-map-marked-alt&#8221; i_color=&#8221;juicy_pink&#8221; color=&#8221;juicy_pink&#8221; add_icon=&#8221;true&#8221;][\/vc_column][\/vc_row][vc_row type=&#8221;container&#8221; padding_top=&#8221;&#8221; padding_bottom=&#8221;&#8221;][vc_column width=&#8221;1\/2&#8243;][vc_column_text]<\/p>\n<h2 style=\"text-align: center;\">Itinerario<\/h2>\n<p style=\"text-align: justify;\"><b>Durata: <\/b>9 giorni<\/p>\n<p><strong>Difficolt\u00e0: <\/strong>media. Richiesta una buona forma fisica e preparata alle camminate e al fitness<\/p>\n<p><strong>Terreno:<\/strong> sentieri di montagna, strade sterrate e ghiaioni<\/p>\n<p>&nbsp;<\/p>\n<p><strong>HIGHLIGHTS<\/strong><\/p>\n<ul>\n<li>Kayak\u00f6y-\u00a0La\u00a0citt\u00e0 fantasma<\/li>\n<li>Village Houses &#8211; Soggiorno in villaggi affascinanti,\u00a0 la deliziosa cucina\u00a0casalinga turca<\/li>\n<li>Patara-Xantos-\u00a0 la sorprendente storia dei Lici nei siti del patrimonio UNESCO<\/li>\n<li>Olympos-\u00a0Montagne mitologiche, mare\u00a0turchese e rovine archeologiche<\/li>\n<li>Chimera-\u00a0Le fiamme eterne della roccia che brucia<\/li>\n<li>Adrasan-\u00a0Relax allo stato puro<\/li>\n<\/ul>\n<p><strong>ITINERARIO<\/strong><\/p>\n<p><strong>Giorno 1. <\/strong>Arrivo all&#8217;aeroporto di <strong>Dalaman<\/strong>. Trasferimento in hotel a <em>Kayakoy<\/em><\/p>\n<p><strong>Giorno 2.<\/strong> Tour della citt\u00e0 di <strong>Fethiye <\/strong>e guida a <strong>Kayakoy <\/strong>e passeggiata fino a <strong>Oludeniz<\/strong> (12 km \/ 4-5 ore)<\/p>\n<p><strong>Giorno 3.<\/strong> Da <strong>Ovac\u0131k<\/strong> a <strong>Faralya <\/strong>(15km\/6ore)<\/p>\n<p><strong>G<\/strong><strong>iorno 4. <\/strong>Da <strong>Faralya <\/strong>a <strong>Gey <\/strong>via Kabak (22km\/7-8ore)<\/p>\n<p><strong>Giorno 5.<\/strong> Da <strong>Gey<\/strong> a <strong>Sidyma<\/strong>, visite a <strong>Xantos<\/strong> e <strong>Patara <\/strong>(10km\/3-4ore)<\/p>\n<p><strong>Giorno 6.<\/strong> <strong>Kekova \u2013 giro in barca nelle isole sommerse <\/strong>(2ore)<strong> \u2013 <\/strong>Trekking da<strong> Simena <\/strong>a <strong>Kapakl\u0131 <\/strong>(10km\/3-4ore)<\/p>\n<p><strong>Giorno 7. <\/strong>Trekking da <strong>\u00c7\u0131ral\u0131 <\/strong>ad <strong>Adrasan <\/strong>(6ore, 16km)<\/p>\n<p><strong>Giorno 8.<\/strong> Trekking da <strong>\u00c7\u0131ral\u0131<\/strong> a <strong>Ulup\u0131nar <\/strong>via Chimera (Yanarta\u015f) (3-4ore, 7km)<\/p>\n<p><strong>Giorno 9. <\/strong> Trasferimento all\u2019aeroporto di Antalya[\/vc_column_text][\/vc_column][vc_column width=&#8221;1\/2&#8243;][vc_column_text]<\/p>\n<h2 style=\"text-align: center;\">Richiedi la scheda dettagliata del tour<\/h2>\n<p>[\/vc_column_text]\n<div class=\"wpcf7 no-js\" id=\"wpcf7-f7-o1\" lang=\"it-IT\" dir=\"ltr\">\n<div class=\"screen-reader-response\"><p role=\"status\" aria-live=\"polite\" aria-atomic=\"true\"><\/p> <ul><\/ul><\/div>\n<form action=\"\/it\/wp-json\/wp\/v2\/pages\/67344#wpcf7-f7-o1\" method=\"post\" class=\"wpcf7-form init\" aria-label=\"Modulo di contatto\" novalidate=\"novalidate\" data-status=\"init\">\n<div style=\"display: none;\">\n<input type=\"hidden\" name=\"_wpcf7\" value=\"7\" \/>\n<input type=\"hidden\" name=\"_wpcf7_version\" value=\"5.9.8\" \/>\n<input type=\"hidden\" name=\"_wpcf7_locale\" value=\"it_IT\" \/>\n<input type=\"hidden\" name=\"_wpcf7_unit_tag\" value=\"wpcf7-f7-o1\" \/>\n<input type=\"hidden\" name=\"_wpcf7_container_post\" value=\"0\" \/>\n<input type=\"hidden\" name=\"_wpcf7_posted_data_hash\" value=\"\" \/>\n<input type=\"hidden\" name=\"_wpcf7_recaptcha_response\" value=\"\" \/>\n<\/div>\n<p>Nome e Cognome (*)\n<\/p>\n<p><span class=\"wpcf7-form-control-wrap\" data-name=\"your-name\"><input size=\"40\" maxlength=\"400\" class=\"wpcf7-form-control wpcf7-text wpcf7-validates-as-required\" aria-required=\"true\" aria-invalid=\"false\" value=\"\" type=\"text\" name=\"your-name\" \/><\/span>\n<\/p>\n<p>Email (*)\n<\/p>\n<p><span class=\"wpcf7-form-control-wrap\" data-name=\"your-email\"><input size=\"40\" maxlength=\"400\" class=\"wpcf7-form-control wpcf7-email wpcf7-validates-as-required wpcf7-text wpcf7-validates-as-email\" aria-required=\"true\" aria-invalid=\"false\" value=\"\" type=\"email\" name=\"your-email\" \/><\/span>\n<\/p>\n<p>Cellulare\/Whatsapp (*)\n<\/p>\n<p><span class=\"wpcf7-form-control-wrap\" data-name=\"tel-871\"><input size=\"40\" maxlength=\"400\" class=\"wpcf7-form-control wpcf7-tel wpcf7-validates-as-required wpcf7-text wpcf7-validates-as-tel\" aria-required=\"true\" aria-invalid=\"false\" value=\"\" type=\"tel\" name=\"tel-871\" \/><\/span>\n<\/p>\n<p>Seleziona il tour che preferisci (*)\n<\/p>\n<p><span class=\"wpcf7-form-control-wrap\" data-name=\"menu-845\"><select class=\"wpcf7-form-control wpcf7-select wpcf7-validates-as-required\" aria-required=\"true\" aria-invalid=\"false\" multiple=\"multiple\" name=\"menu-845[]\"><option value=\"\">&#8212;Seleziona un&#039;opzione&#8212;<\/option><option value=\"Istanbul 5 giorni\">Istanbul 5 giorni<\/option><option value=\"Turchia Orientale\">Turchia Orientale<\/option><option value=\"Mesopotamia\">Mesopotamia<\/option><option value=\"Turchia classica\">Turchia classica<\/option><option value=\"Istanbul e Cappadocia\">Istanbul e Cappadocia<\/option><option value=\"Il triangolo d&#039;oro\">Il triangolo d&#039;oro<\/option><option value=\"Turchia archeologica\">Turchia archeologica<\/option><option value=\"Costa Licia\">Costa Licia<\/option><option value=\"Turchia classica e soggiorno mare\">Turchia classica e soggiorno mare<\/option><option value=\"Ankara Hattusa Cappadocia\">Ankara Hattusa Cappadocia<\/option><option value=\"Capodanno a Istanbul per AGENZIE\">Capodanno a Istanbul per AGENZIE<\/option><\/select><\/span>\n<\/p>\n<p>Se hai una richiesta scrivila qui\n<\/p>\n<p><span class=\"wpcf7-form-control-wrap\" data-name=\"your-message\"><textarea cols=\"40\" rows=\"10\" maxlength=\"2000\" class=\"wpcf7-form-control wpcf7-textarea\" aria-invalid=\"false\" name=\"your-message\"><\/textarea><\/span>\n<\/p>\n\n<p><input class=\"wpcf7-form-control wpcf7-submit has-spinner\" type=\"submit\" value=\"Invia\" \/>\n<\/p><div class=\"wpcf7-response-output\" aria-hidden=\"true\"><\/div>\n<\/form>\n<\/div>\n[\/vc_column][\/vc_row][vc_row type=&#8221;container&#8221; padding_top=&#8221;&#8221; padding_bottom=&#8221;&#8221;][vc_column][vc_text_separator title=&#8221;Dettagli&#8221; i_icon_fontawesome=&#8221;fas fa-search-location&#8221; i_color=&#8221;juicy_pink&#8221; color=&#8221;juicy_pink&#8221; add_icon=&#8221;true&#8221;][\/vc_column][\/vc_row][vc_row type=&#8221;container&#8221; padding_top=&#8221;&#8221; padding_bottom=&#8221;&#8221;][vc_column][vc_tabs][vc_tab title=&#8221;Prezzi e partenze&#8221; tab_id=&#8221;1395441744-2-82&#8243;][vc_column_text]<strong>PARTENZE<\/strong><\/p>\n<p>Partenze individuali con guida disponibili a richiesta<\/p>\n<p><strong>Si include<\/strong><\/p>\n<ul>\n<li>Tutti i pasti<\/li>\n<li>veicolo con autista e aria condizionata per tutti i trasferimenti *NB: i veicoli saranno sempre a disposizione in\u00a0ogni momento tranne nelle giornate ad Adrasan e Olympos in quanto non esistono vie praticabili dalle auto.<\/li>\n<li>Guida turistica ufficiale della regione in lingua Inglese e\/o\u00a0 lingua italiana per le necessit\u00e0 del gruppo<\/li>\n<li>Pernottamenti<\/li>\n<li>entrate nei musei, siti archeologici e naturalistici<\/li>\n<\/ul>\n<p><strong>Si esclude<\/strong><\/p>\n<ul>\n<li>bevande da comprarsi in sito<\/li>\n<li>Spese personali<\/li>\n<\/ul>\n<p>[\/vc_column_text][\/vc_tab][vc_tab title=&#8221;HOTEL&#8221; tab_id=&#8221;1705490569810-3-5&#8243;][vc_column_text]<\/p>\n<h2 style=\"text-align: center;\"><strong>HOTEL<\/strong><\/h2>\n<p style=\"text-align: justify;\">Le sistemazioni sono tutte presso hotel di categoria 5 stelle, 4 stelle e boutique a gestione locale e includono la prima colazione. Prediligiamo strutture di charme con valenza storico-culturale e inseriti in contesti cittadini validi per sperimentare le attitudini locali ed in linea con i criteri di turismo responsabile.<\/p>\n<p>&nbsp;<\/p>\n<p><strong>Lista hotel<\/strong><\/p>\n<p>Kayak\u00f6y Misafir evi (max 9 rooms)\u00a0http:\/\/www.kayamisafirevi.com\/<\/p>\n<p>Faralya Montenegro\u00a0https:\/\/www.montenegromotel.com\/<\/p>\n<p>Gey village house\u00a0 stanze molto basic, 4 camere hanno bagno privato e le altre bagni in comune<\/p>\n<p>Ka\u015f Talay Hotel\u00a0http:\/\/www.talayotel.com\/anasayfa<\/p>\n<p>\u00c7\u0131ral\u0131 Emin Pension\u00a0http:\/\/www.eminpansiyon.com\/<\/p>\n<p>Ulup\u0131nar\u00a0https:\/\/www.lyciahotel-ulupinar.com\/en\/<\/p>\n<p>Antalya old town\u00a0http:\/\/pudinghotels.com\/tr<\/p>\n<p>&nbsp;<\/p>\n<p>[\/vc_column_text][\/vc_tab][vc_tab title=&#8221;PASTI&#8221; tab_id=&#8221;1705490604487-4-0&#8243;][vc_column_text]<\/p>\n<h2 style=\"text-align: center;\"><strong>PASTI<\/strong><\/h2>\n<p style=\"text-align: justify;\">Pensione completa pranzi e cene alternando ristoranti e locande ai ristoranti degli hotel.<\/p>\n<p>&nbsp;<\/p>\n<p>[\/vc_column_text][\/vc_tab][vc_tab title=&#8221;ORGANIZZAZIONE LOGISTICA&#8221; tab_id=&#8221;1705490646858-5-0&#8243;][vc_column_text]<\/p>\n<h2 style=\"text-align: center;\"><strong>ORGANIZZAZIONE LOGISTICA<\/strong><\/h2>\n<p style=\"text-align: justify;\">L\u2019itinerario \u00e8 ideato e coordinato da Elena Ventura laureata in Turcologia alla Sapienza di Roma e consulente di viaggio residente in Turchia da 5 anni con il supporto di partner territoriali di alta professionalit\u00e0 ed affidabilit\u00e0, tutti membri esercenti di facile tracciabilit\u00e0 con regolare licenza governativa rilasciata dal TURSAB.<\/p>\n<p style=\"text-align: justify;\">Nelle partenze col turcologo, Elena Ventura affianca i gruppi e le e guide locali durante gli itinerari, fornendo mediazione culturale e linguistica e assistenza diretta 24h.<\/p>\n<p><strong>Staff<\/strong><\/p>\n<p>Guida locale in Inglese, assistente guida locale in Italiano, autista<\/p>\n<p><strong>Difficolt\u00e0 <\/strong>Media.<\/p>\n<p>E\u2019 richiesta una buona forma fisica e preparata alle camminate al fitness.<\/p>\n<p>Durata media dei tour giornalieri 5-7 ore Altezza massiuma raggiunta 700 metri<\/p>\n<p>Terreno &#8211; sentieri di montagna, strade sterrate e ghiaioni<\/p>\n<p><strong>Attrezzatura<\/strong><\/p>\n<p>Si consigliano stivali da trekking, zaino da 30-40 litri, crema solare, cappellino da sole, impermeabile , bastoncini da passeggio.<\/p>\n<p>Il clima sar\u00e0 molto caldo di giorno mentre ci potranno essere sensibili escurisoni durante la notte.<\/p>\n<p>Per entrare in Turchia \u00e8 sufficiente carta di identit\u00e0. I documenti dovranno avere validit\u00e0 per almeno 6 mesu\u00eci a partire dalla data d ingresso nel paese.<\/p>\n<p>[\/vc_column_text][\/vc_tab][vc_tab title=&#8221;CLIMA\/FUSO ORARIO&#8221; tab_id=&#8221;1705490695635-6-9&#8243;][vc_column_text]<\/p>\n<h2 style=\"text-align: center;\"><strong>CLIMA\/FUSO ORARIO<\/strong><\/h2>\n<p style=\"text-align: justify;\">Il clima della Turchia \u00e8 caratterizzato da notevoli differenze tra le coste del Mar Nero, le aree interne dell\u2019altopiano di Erzurum e la Mesopotamia. E\u2019 indispensabile prevedere un abbigliamento che spazi tra capi di mezza stagione ed estivi, con la possibilit\u00e0 di potersi allegerire\/appesantire al bisogno (a cipolla). Prevedere un impermeabile per i giorni nella regione del mar nero e scarpe con la suola incisa possibilmente chiuse e leggere per le escursioni.<\/p>\n<p>[\/vc_column_text][\/vc_tab][vc_tab title=&#8221;Altre informazioni&#8221; tab_id=&#8221;1395441897017-2-2&#8243;][vc_column_text]<b>Trasporti<\/b> \u2013 Si utilizzano minibus di diversi modelli a secondo del numero dei\u00a0partecipanti.<\/p>\n<p><b>Organizzazione<\/b> \u2013 Guida locale di lingua inglese, mediatore culturale a partire da un minimo di 6 partecipanti.<\/p>\n<p><b>Clima<\/b> \u2013 Il clima della Turchia \u00e8 caratterizzato da notevoli differenze tra le coste e le aree interne. Gli altopiani presentano un clima puramente continentale, con forti escursioni termiche, estati calde e inverni rigidissimi dove la temperatura scende fino a -20 gradi. La Mesopotamia presenta un clima caldo e secco, l\u2019inverno \u00e8poco rigido con temperature che difficilmente scendono sotto I 10 gradi, l\u2019estate \u00e8 calda-secca con temperature sopra 40\u00b0C e escursioni termiche tra il giorno e la notte.<\/p>\n<p><b>Disposizioni sanitarie<\/b> \u2013 Non \u00e8 richiesta alcuna vaccinazione.<\/p>\n<p><b>Formalit\u00e0 burocratiche<\/b> \u2013 I cittadini italiani che si recano in Turchia per turismo possono entrare con la sola carta d&#8217;identit\u00e0 valida per l&#8217;espatrio, senza timbri di rinnovo e con validit\u00e0 di almeno 6 mesi a partire dall\u2019entrata. Si fa presente che l\u2019organizzazione non si assume alcuna responsabilit\u00e0 nel caso di impossibilit\u00e0 a entrare nel paese di destinazione a causa di documenti non corretti o scaduti.<\/p>\n<p><b>Caratteristiche e grado di difficolt\u00e0<\/b> \u2013 Viaggio di spiccato interesse culturale, archeologico, paesaggistico. Sono previsti lunghi spostamenti ma le escursioni sono di grado medio \u2013 facile. Pasti in ristoranti locali e nei ristoranti degli hotel utilizzati.<\/p>\n<p><b>NOTE: <\/b> Tutti I prezzi sono in Euro, includono l\u2019IVA e non sono soggetti ad adeguamenti L\u2019organizzazione si riserva di modificare I contenuti dei tour a propria discrezione e senza preavviso, qualora si rendesse necessario per ragioni di sicurezza o per condizioni climatiche peculiari. Si avr\u00e0 cura di non alterare troppo il programma e di proporre alternative valide.[\/vc_column_text][\/vc_tab][\/vc_tabs][\/vc_column][\/vc_row][vc_row type=&#8221;container&#8221; padding_top=&#8221;&#8221; padding_bottom=&#8221;&#8221;][vc_column][vc_text_separator title=&#8221;Ricevi la scheda dettagliata o richiedi maggiori informazioni&#8221; i_icon_fontawesome=&#8221;fas fa-info-circle&#8221; i_color=&#8221;juicy_pink&#8221; add_icon=&#8221;true&#8221;][\/vc_column][\/vc_row][vc_row type=&#8221;container&#8221; padding_top=&#8221;&#8221; padding_bottom=&#8221;&#8221;][vc_column]\n<div class=\"wpcf7 no-js\" id=\"wpcf7-f7-o2\" lang=\"it-IT\" dir=\"ltr\">\n<div class=\"screen-reader-response\"><p role=\"status\" aria-live=\"polite\" aria-atomic=\"true\"><\/p> <ul><\/ul><\/div>\n<form action=\"\/it\/wp-json\/wp\/v2\/pages\/67344#wpcf7-f7-o2\" method=\"post\" class=\"wpcf7-form init\" aria-label=\"Modulo di contatto\" novalidate=\"novalidate\" data-status=\"init\">\n<div style=\"display: none;\">\n<input type=\"hidden\" name=\"_wpcf7\" value=\"7\" \/>\n<input type=\"hidden\" name=\"_wpcf7_version\" value=\"5.9.8\" \/>\n<input type=\"hidden\" name=\"_wpcf7_locale\" value=\"it_IT\" \/>\n<input type=\"hidden\" name=\"_wpcf7_unit_tag\" value=\"wpcf7-f7-o2\" \/>\n<input type=\"hidden\" name=\"_wpcf7_container_post\" value=\"0\" \/>\n<input type=\"hidden\" name=\"_wpcf7_posted_data_hash\" value=\"\" \/>\n<input type=\"hidden\" name=\"_wpcf7_recaptcha_response\" value=\"\" \/>\n<\/div>\n<p>Nome e Cognome (*)\n<\/p>\n<p><span class=\"wpcf7-form-control-wrap\" data-name=\"your-name\"><input size=\"40\" maxlength=\"400\" class=\"wpcf7-form-control wpcf7-text wpcf7-validates-as-required\" aria-required=\"true\" aria-invalid=\"false\" value=\"\" type=\"text\" name=\"your-name\" \/><\/span>\n<\/p>\n<p>Email (*)\n<\/p>\n<p><span class=\"wpcf7-form-control-wrap\" data-name=\"your-email\"><input size=\"40\" maxlength=\"400\" class=\"wpcf7-form-control wpcf7-email wpcf7-validates-as-required wpcf7-text wpcf7-validates-as-email\" aria-required=\"true\" aria-invalid=\"false\" value=\"\" type=\"email\" name=\"your-email\" \/><\/span>\n<\/p>\n<p>Cellulare\/Whatsapp (*)\n<\/p>\n<p><span class=\"wpcf7-form-control-wrap\" data-name=\"tel-871\"><input size=\"40\" maxlength=\"400\" class=\"wpcf7-form-control wpcf7-tel wpcf7-validates-as-required wpcf7-text wpcf7-validates-as-tel\" aria-required=\"true\" aria-invalid=\"false\" value=\"\" type=\"tel\" name=\"tel-871\" \/><\/span>\n<\/p>\n<p>Seleziona il tour che preferisci (*)\n<\/p>\n<p><span class=\"wpcf7-form-control-wrap\" data-name=\"menu-845\"><select class=\"wpcf7-form-control wpcf7-select wpcf7-validates-as-required\" aria-required=\"true\" aria-invalid=\"false\" multiple=\"multiple\" name=\"menu-845[]\"><option value=\"\">&#8212;Seleziona un&#039;opzione&#8212;<\/option><option value=\"Istanbul 5 giorni\">Istanbul 5 giorni<\/option><option value=\"Turchia Orientale\">Turchia Orientale<\/option><option value=\"Mesopotamia\">Mesopotamia<\/option><option value=\"Turchia classica\">Turchia classica<\/option><option value=\"Istanbul e Cappadocia\">Istanbul e Cappadocia<\/option><option value=\"Il triangolo d&#039;oro\">Il triangolo d&#039;oro<\/option><option value=\"Turchia archeologica\">Turchia archeologica<\/option><option value=\"Costa Licia\">Costa Licia<\/option><option value=\"Turchia classica e soggiorno mare\">Turchia classica e soggiorno mare<\/option><option value=\"Ankara Hattusa Cappadocia\">Ankara Hattusa Cappadocia<\/option><option value=\"Capodanno a Istanbul per AGENZIE\">Capodanno a Istanbul per AGENZIE<\/option><\/select><\/span>\n<\/p>\n<p>Se hai una richiesta scrivila qui\n<\/p>\n<p><span class=\"wpcf7-form-control-wrap\" data-name=\"your-message\"><textarea cols=\"40\" rows=\"10\" maxlength=\"2000\" class=\"wpcf7-form-control wpcf7-textarea\" aria-invalid=\"false\" name=\"your-message\"><\/textarea><\/span>\n<\/p>\n\n<p><input class=\"wpcf7-form-control wpcf7-submit has-spinner\" type=\"submit\" value=\"Invia\" \/>\n<\/p><div class=\"wpcf7-response-output\" aria-hidden=\"true\"><\/div>\n<\/form>\n<\/div>\n[\/vc_column][\/vc_row][vc_row type=&#8221;container&#8221; padding_top=&#8221;&#8221; padding_bottom=&#8221;&#8221;][vc_column][vc_text_separator title=&#8221;Altri itinerari di trekking in Turchia&#8221; i_icon_fontawesome=&#8221;fas fa-route&#8221; i_color=&#8221;juicy_pink&#8221; color=&#8221;juicy_pink&#8221; add_icon=&#8221;true&#8221;][\/vc_column][\/vc_row][vc_row type=&#8221;container&#8221; padding_top=&#8221;&#8221; padding_bottom=&#8221;&#8221; css=&#8221;.vc_custom_1412696856679{margin-bottom: 20px !important;}&#8221;][vc_column width=&#8221;1\/3&#8243; el_class=&#8221;cap-content-hover&#8221;]<a href=\"https:\/\/www.viaggiointurchia.com\/it\/trekking-aladaglar-tauri\">  \n    <div class=\"cg-strip cg-strip-wrap fade-in animate\" style=\"background-color:#333333!important; height:240px; \">\n      <div class=\"cg-strip-bg \" style=\"background-image:url(https:\/\/www.viaggiointurchia.com\/it\/wp-content\/uploads\/2016\/12\/tauri3.jpg); \" ><\/div>\n        <div class=\"row\">\n          <div style=\"width:80%\"  class=\"cg-pos  valign-center halign-center animate\" data-animate=\"fadeInUp\">\n            <div class=\"cg-strip-content cg-strip-632434445 light text-align-center\" >\n<h2>Trekking Monti Tauri Aladaglar e Cappadocia<\/h2>\n<\/div>\n          <\/div>\n        <\/div>\n    <\/div><\/a>\n  [\/vc_column][vc_column width=&#8221;1\/3&#8243; el_class=&#8221;cap-content-hover&#8221;]<a href=\"https:\/\/www.viaggiointurchia.com\/it\/trekking-sul-monte-ararat\/\">  \n    <div class=\"cg-strip cg-strip-wrap fade-in animate\" style=\"background-color:#333333!important; height:240px; \">\n      <div class=\"cg-strip-bg \" style=\"background-image:url(https:\/\/www.viaggiointurchia.com\/it\/wp-content\/uploads\/2015\/02\/ararat.jpg); \" ><\/div>\n        <div class=\"row\">\n          <div style=\"width:80%\"  class=\"cg-pos  valign-center halign-center animate\" data-animate=\"fadeInUp\">\n            <div class=\"cg-strip-content cg-strip-46535748 light text-align-center\" >\n<h2>Trekking sul Monte Ararat<\/h2>\n<\/div>\n          <\/div>\n        <\/div>\n    <\/div><\/a>\n  [\/vc_column][vc_column width=&#8221;1\/3&#8243; el_class=&#8221;cap-content-hover&#8221;]<a href=\"https:\/\/www.viaggiointurchia.com\/it\/trekking-kackar\">  \n    <div class=\"cg-strip cg-strip-wrap fade-in animate\" style=\"background-color:#444444!important; height:240px; \">\n      <div class=\"cg-strip-bg \" style=\"background-image:url(https:\/\/www.viaggiointurchia.com\/it\/wp-content\/uploads\/2015\/04\/KACKAR.jpg); \" ><\/div>\n        <div class=\"row\">\n          <div style=\"width:80%\"  class=\"cg-pos  valign-center halign-center animate\" data-animate=\"fadeInUp\">\n            <div class=\"cg-strip-content cg-strip-545500535 light text-align-center\" >\n<h2>Trekking Montagne del Kackar<\/h2>\n<\/div>\n          <\/div>\n        <\/div>\n    <\/div><\/a>\n  [\/vc_column][\/vc_row]<\/p>\n<\/div>","protected":false},"excerpt":{"rendered":"<p>[vc_row type=&#8221;full_page_width&#8221; padding_top=&#8221;&#8221; padding_bottom=&#8221;&#8221; margin_bottom=&#8221;3em&#8221; bg_type=&#8221;theme_default&#8221; bg_grad=&#8221;background: -webkit-gradient(linear, left top, left bottom, color-stop(0%, #FBFBFB), color-stop(50%, #E3E3E3), color-stop(100%, #C2C2C2));background: -moz-linear-gradient(top,#FBFBFB 0%,#E3E3E3 50%,#C2C2C2 100%);background: -webkit-linear-gradient(top,#FBFBFB 0%,#E3E3E3 50%,#C2C2C2 100%);background: -o-linear-gradient(top,#FBFBFB 0%,#E3E3E3 50%,#C2C2C2 100%);background: -ms-linear-gradient(top,#FBFBFB 0%,#E3E3E3 50%,#C2C2C2 100%);background: linear-gradient(top,#FBFBFB 0%,#E3E3E3 50%,#C2C2C2 100%);&#8221; parallax_style=&#8221;vcpb-default&#8221; bg_image_repeat=&#8221;no-repeat&#8221; bg_image_size=&#8221;cover&#8221; bg_img_attach=&#8221;fixed&#8221; parallax_sense=&#8221;30&#8243; bg_override=&#8221;0&#8243;][vc_column][\/vc_column][\/vc_row][vc_row type=&#8221;container&#8221; padding_top=&#8221;&#8221; padding_bottom=&#8221;&#8221;][vc_column][vc_column_text] Trekking percorrendo la Via Licia Il trekking denominato [&hellip;]<\/p>\n","protected":false},"author":2,"featured_media":68379,"parent":0,"menu_order":0,"comment_status":"closed","ping_status":"open","template":"page-full-width.php","meta":{"_acf_changed":false,"footnotes":""},"acf":[],"yoast_head":"<!-- This site is optimized with the Yoast SEO plugin v23.4 - https:\/\/yoast.com\/wordpress\/plugins\/seo\/ -->\n<title>Trekking Via Licia<\/title>\n<meta name=\"description\" content=\"Una grande opportunit\u00e0 per esplorare gli insediamenti di montagna, le spiagge isolate e i siti lici del patrimonio UNESCO\" \/>\n<meta name=\"robots\" content=\"index, follow, max-snippet:-1, max-image-preview:large, max-video-preview:-1\" \/>\n<link rel=\"canonical\" href=\"https:\/\/www.viaggiointurchia.com\/it\/trekking-via-licia\/\" \/>\n<meta property=\"og:locale\" content=\"it_IT\" \/>\n<meta property=\"og:type\" content=\"article\" \/>\n<meta property=\"og:title\" content=\"Trekking Via Licia\" \/>\n<meta property=\"og:description\" content=\"Una grande opportunit\u00e0 per esplorare gli insediamenti di montagna, le spiagge isolate e i siti lici del patrimonio UNESCO\" \/>\n<meta property=\"og:url\" content=\"https:\/\/www.viaggiointurchia.com\/it\/trekking-via-licia\/\" \/>\n<meta property=\"og:site_name\" content=\"Viaggio in Turchia\" \/>\n<meta property=\"article:modified_time\" content=\"2024-02-01T11:07:28+00:00\" \/>\n<meta property=\"og:image\" content=\"https:\/\/www.viaggiointurchia.com\/it\/wp-content\/uploads\/2015\/04\/LICIACICERONE.jpg\" \/>\n\t<meta property=\"og:image:width\" content=\"1030\" \/>\n\t<meta property=\"og:image:height\" content=\"773\" \/>\n\t<meta property=\"og:image:type\" content=\"image\/jpeg\" \/>\n<meta name=\"twitter:card\" content=\"summary_large_image\" \/>\n<meta name=\"twitter:label1\" content=\"Tempo di lettura stimato\" \/>\n\t<meta name=\"twitter:data1\" content=\"8 minuti\" \/>\n<script type=\"application\/ld+json\" class=\"yoast-schema-graph\">{\"@context\":\"https:\/\/schema.org\",\"@graph\":[{\"@type\":\"WebPage\",\"@id\":\"https:\/\/www.viaggiointurchia.com\/it\/trekking-via-licia\/\",\"url\":\"https:\/\/www.viaggiointurchia.com\/it\/trekking-via-licia\/\",\"name\":\"Trekking Via Licia\",\"isPartOf\":{\"@id\":\"https:\/\/www.viaggiointurchia.com\/it\/#website\"},\"primaryImageOfPage\":{\"@id\":\"https:\/\/www.viaggiointurchia.com\/it\/trekking-via-licia\/#primaryimage\"},\"image\":{\"@id\":\"https:\/\/www.viaggiointurchia.com\/it\/trekking-via-licia\/#primaryimage\"},\"thumbnailUrl\":\"https:\/\/www.viaggiointurchia.com\/it\/wp-content\/uploads\/2015\/04\/LICIACICERONE.jpg\",\"datePublished\":\"2015-04-08T22:51:21+00:00\",\"dateModified\":\"2024-02-01T11:07:28+00:00\",\"description\":\"Una grande opportunit\u00e0 per esplorare gli insediamenti di montagna, le spiagge isolate e i siti lici del patrimonio UNESCO\",\"breadcrumb\":{\"@id\":\"https:\/\/www.viaggiointurchia.com\/it\/trekking-via-licia\/#breadcrumb\"},\"inLanguage\":\"it-IT\",\"potentialAction\":[{\"@type\":\"ReadAction\",\"target\":[\"https:\/\/www.viaggiointurchia.com\/it\/trekking-via-licia\/\"]}]},{\"@type\":\"ImageObject\",\"inLanguage\":\"it-IT\",\"@id\":\"https:\/\/www.viaggiointurchia.com\/it\/trekking-via-licia\/#primaryimage\",\"url\":\"https:\/\/www.viaggiointurchia.com\/it\/wp-content\/uploads\/2015\/04\/LICIACICERONE.jpg\",\"contentUrl\":\"https:\/\/www.viaggiointurchia.com\/it\/wp-content\/uploads\/2015\/04\/LICIACICERONE.jpg\",\"width\":1030,\"height\":773},{\"@type\":\"BreadcrumbList\",\"@id\":\"https:\/\/www.viaggiointurchia.com\/it\/trekking-via-licia\/#breadcrumb\",\"itemListElement\":[{\"@type\":\"ListItem\",\"position\":1,\"name\":\"Home\",\"item\":\"https:\/\/www.viaggiointurchia.com\/it\/\"},{\"@type\":\"ListItem\",\"position\":2,\"name\":\"Trekking Via Licia\"}]},{\"@type\":\"WebSite\",\"@id\":\"https:\/\/www.viaggiointurchia.com\/it\/#website\",\"url\":\"https:\/\/www.viaggiointurchia.com\/it\/\",\"name\":\"Viaggio in Turchia\",\"description\":\"Viaggio in Turchia\",\"potentialAction\":[{\"@type\":\"SearchAction\",\"target\":{\"@type\":\"EntryPoint\",\"urlTemplate\":\"https:\/\/www.viaggiointurchia.com\/it\/?s={search_term_string}\"},\"query-input\":{\"@type\":\"PropertyValueSpecification\",\"valueRequired\":true,\"valueName\":\"search_term_string\"}}],\"inLanguage\":\"it-IT\"}]}<\/script>\n<!-- \/ Yoast SEO plugin. -->","yoast_head_json":{"title":"Trekking Via Licia","description":"Una grande opportunit\u00e0 per esplorare gli insediamenti di montagna, le spiagge isolate e i siti lici del patrimonio UNESCO","robots":{"index":"index","follow":"follow","max-snippet":"max-snippet:-1","max-image-preview":"max-image-preview:large","max-video-preview":"max-video-preview:-1"},"canonical":"https:\/\/www.viaggiointurchia.com\/it\/trekking-via-licia\/","og_locale":"it_IT","og_type":"article","og_title":"Trekking Via Licia","og_description":"Una grande opportunit\u00e0 per esplorare gli insediamenti di montagna, le spiagge isolate e i siti lici del patrimonio UNESCO","og_url":"https:\/\/www.viaggiointurchia.com\/it\/trekking-via-licia\/","og_site_name":"Viaggio in Turchia","article_modified_time":"2024-02-01T11:07:28+00:00","og_image":[{"width":1030,"height":773,"url":"https:\/\/www.viaggiointurchia.com\/it\/wp-content\/uploads\/2015\/04\/LICIACICERONE.jpg","type":"image\/jpeg"}],"twitter_card":"summary_large_image","twitter_misc":{"Tempo di lettura stimato":"8 minuti"},"schema":{"@context":"https:\/\/schema.org","@graph":[{"@type":"WebPage","@id":"https:\/\/www.viaggiointurchia.com\/it\/trekking-via-licia\/","url":"https:\/\/www.viaggiointurchia.com\/it\/trekking-via-licia\/","name":"Trekking Via Licia","isPartOf":{"@id":"https:\/\/www.viaggiointurchia.com\/it\/#website"},"primaryImageOfPage":{"@id":"https:\/\/www.viaggiointurchia.com\/it\/trekking-via-licia\/#primaryimage"},"image":{"@id":"https:\/\/www.viaggiointurchia.com\/it\/trekking-via-licia\/#primaryimage"},"thumbnailUrl":"https:\/\/www.viaggiointurchia.com\/it\/wp-content\/uploads\/2015\/04\/LICIACICERONE.jpg","datePublished":"2015-04-08T22:51:21+00:00","dateModified":"2024-02-01T11:07:28+00:00","description":"Una grande opportunit\u00e0 per esplorare gli insediamenti di montagna, le spiagge isolate e i siti lici del patrimonio UNESCO","breadcrumb":{"@id":"https:\/\/www.viaggiointurchia.com\/it\/trekking-via-licia\/#breadcrumb"},"inLanguage":"it-IT","potentialAction":[{"@type":"ReadAction","target":["https:\/\/www.viaggiointurchia.com\/it\/trekking-via-licia\/"]}]},{"@type":"ImageObject","inLanguage":"it-IT","@id":"https:\/\/www.viaggiointurchia.com\/it\/trekking-via-licia\/#primaryimage","url":"https:\/\/www.viaggiointurchia.com\/it\/wp-content\/uploads\/2015\/04\/LICIACICERONE.jpg","contentUrl":"https:\/\/www.viaggiointurchia.com\/it\/wp-content\/uploads\/2015\/04\/LICIACICERONE.jpg","width":1030,"height":773},{"@type":"BreadcrumbList","@id":"https:\/\/www.viaggiointurchia.com\/it\/trekking-via-licia\/#breadcrumb","itemListElement":[{"@type":"ListItem","position":1,"name":"Home","item":"https:\/\/www.viaggiointurchia.com\/it\/"},{"@type":"ListItem","position":2,"name":"Trekking Via Licia"}]},{"@type":"WebSite","@id":"https:\/\/www.viaggiointurchia.com\/it\/#website","url":"https:\/\/www.viaggiointurchia.com\/it\/","name":"Viaggio in Turchia","description":"Viaggio in Turchia","potentialAction":[{"@type":"SearchAction","target":{"@type":"EntryPoint","urlTemplate":"https:\/\/www.viaggiointurchia.com\/it\/?s={search_term_string}"},"query-input":{"@type":"PropertyValueSpecification","valueRequired":true,"valueName":"search_term_string"}}],"inLanguage":"it-IT"}]}},"_links":{"self":[{"href":"https:\/\/www.viaggiointurchia.com\/it\/wp-json\/wp\/v2\/pages\/67344"}],"collection":[{"href":"https:\/\/www.viaggiointurchia.com\/it\/wp-json\/wp\/v2\/pages"}],"about":[{"href":"https:\/\/www.viaggiointurchia.com\/it\/wp-json\/wp\/v2\/types\/page"}],"author":[{"embeddable":true,"href":"https:\/\/www.viaggiointurchia.com\/it\/wp-json\/wp\/v2\/users\/2"}],"replies":[{"embeddable":true,"href":"https:\/\/www.viaggiointurchia.com\/it\/wp-json\/wp\/v2\/comments?post=67344"}],"version-history":[{"count":4,"href":"https:\/\/www.viaggiointurchia.com\/it\/wp-json\/wp\/v2\/pages\/67344\/revisions"}],"predecessor-version":[{"id":68733,"href":"https:\/\/www.viaggiointurchia.com\/it\/wp-json\/wp\/v2\/pages\/67344\/revisions\/68733"}],"wp:featuredmedia":[{"embeddable":true,"href":"https:\/\/www.viaggiointurchia.com\/it\/wp-json\/wp\/v2\/media\/68379"}],"wp:attachment":[{"href":"https:\/\/www.viaggiointurchia.com\/it\/wp-json\/wp\/v2\/media?parent=67344"}],"curies":[{"name":"wp","href":"https:\/\/api.w.org\/{rel}","templated":true}]}}